{"id":18404,"date":"2020-12-11T12:44:27","date_gmt":"2020-12-11T12:44:27","guid":{"rendered":"https:\/\/efecomunica.efe.com\/contenidos\/"},"modified":"2022-10-21T14:09:36","modified_gmt":"2022-10-21T12:09:36","slug":"conteudo","status":"publish","type":"page","link":"https:\/\/efecomunica.efe.com\/pt-pt\/conteudo\/","title":{"rendered":"Conte\u00fado"},"content":{"rendered":"\t\t<div data-elementor-type=\"wp-page\" data-elementor-id=\"18404\" class=\"elementor elementor-18404\" data-elementor-post-type=\"page\">\n\t\t\t\t\t\t<section class=\"elementor-section elementor-top-section elementor-element elementor-element-70ce7bc elementor-section-stretched elementor-section-boxed elementor-section-height-default elementor-section-height-default\" data-id=\"70ce7bc\" data-element_type=\"section\" data-e-type=\"section\" data-settings=\"{&quot;stretch_section&quot;:&quot;section-stretched&quot;,&quot;background_background&quot;:&quot;classic&quot;}\">\n\t\t\t\t\t\t<div class=\"elementor-container elementor-column-gap-default\">\n\t\t\t\t\t<div class=\"elementor-column elementor-col-100 elementor-top-column elementor-element elementor-element-de5884d\" data-id=\"de5884d\" data-element_type=\"column\" data-e-type=\"column\">\n\t\t\t<div class=\"elementor-widget-wrap elementor-element-populated\">\n\t\t\t\t\t\t<div class=\"elementor-element elementor-element-272aede elementor-widget elementor-widget-heading\" data-id=\"272aede\" data-element_type=\"widget\" data-e-type=\"widget\" data-widget_type=\"heading.default\">\n\t\t\t\t<div class=\"elementor-widget-container\">\n\t\t\t\t\t<h1 class=\"elementor-heading-title elementor-size-default\">Conte\u00fado<\/h1>\t\t\t\t<\/div>\n\t\t\t\t<\/div>\n\t\t\t\t\t<\/div>\n\t\t<\/div>\n\t\t\t\t\t<\/div>\n\t\t<\/section>\n\t\t\t\t<section class=\"elementor-section elementor-top-section elementor-element elementor-element-ac791bb elementor-section-stretched elementor-section-boxed elementor-section-height-default elementor-section-height-default\" data-id=\"ac791bb\" data-element_type=\"section\" data-e-type=\"section\" data-settings=\"{&quot;stretch_section&quot;:&quot;section-stretched&quot;,&quot;background_background&quot;:&quot;classic&quot;}\">\n\t\t\t\t\t\t<div class=\"elementor-container elementor-column-gap-default\">\n\t\t\t\t\t<div class=\"elementor-column elementor-col-100 elementor-top-column elementor-element elementor-element-d256bba\" data-id=\"d256bba\" data-element_type=\"column\" data-e-type=\"column\">\n\t\t\t<div class=\"elementor-widget-wrap elementor-element-populated\">\n\t\t\t\t\t\t<section class=\"elementor-section elementor-inner-section elementor-element elementor-element-5a47473 elementor-section-content-middle content-form elementor-section-boxed elementor-section-height-default elementor-section-height-default\" data-id=\"5a47473\" data-element_type=\"section\" data-e-type=\"section\">\n\t\t\t\t\t\t<div class=\"elementor-container elementor-column-gap-default\">\n\t\t\t\t\t<div class=\"elementor-column elementor-col-100 elementor-inner-column elementor-element elementor-element-4aeca9e\" data-id=\"4aeca9e\" data-element_type=\"column\" data-e-type=\"column\">\n\t\t\t<div class=\"elementor-widget-wrap elementor-element-populated\">\n\t\t\t\t\t\t<div class=\"elementor-element elementor-element-759ce3b elementor-widget elementor-widget-wp-widget-search\" data-id=\"759ce3b\" data-element_type=\"widget\" data-e-type=\"widget\" data-widget_type=\"wp-widget-search.default\">\n\t\t\t\t<div class=\"elementor-widget-container\">\n\t\t\t\t\t<form role=\"search\" method=\"get\" class=\"search-form\" action=\"https:\/\/efecomunica.efe.com\/pt-pt\/\">\n\t\t\t\t<label>\n\t\t\t\t\t<span class=\"screen-reader-text\">Pesquisar por:<\/span>\n\t\t\t\t\t<input type=\"search\" class=\"search-field\" placeholder=\"Pesquisar &hellip;\" value=\"\" name=\"s\" \/>\n\t\t\t\t<\/label>\n\t\t\t\t<input type=\"submit\" class=\"search-submit\" value=\"Pesquisar\" \/>\n\t\t\t<\/form>\t\t\t\t<\/div>\n\t\t\t\t<\/div>\n\t\t\t\t\t<\/div>\n\t\t<\/div>\n\t\t\t\t\t<\/div>\n\t\t<\/section>\n\t\t\t\t\t<\/div>\n\t\t<\/div>\n\t\t\t\t\t<\/div>\n\t\t<\/section>\n\t\t\t\t<section class=\"elementor-section elementor-top-section elementor-element elementor-element-fa2ea97 elementor-section-stretched elementor-section-boxed elementor-section-height-default elementor-section-height-default\" data-id=\"fa2ea97\" data-element_type=\"section\" data-e-type=\"section\" id=\"contenidos\" data-settings=\"{&quot;stretch_section&quot;:&quot;section-stretched&quot;,&quot;background_background&quot;:&quot;classic&quot;}\">\n\t\t\t\t\t\t<div class=\"elementor-container elementor-column-gap-default\">\n\t\t\t\t\t<div class=\"elementor-column elementor-col-100 elementor-top-column elementor-element elementor-element-9199124\" data-id=\"9199124\" data-element_type=\"column\" data-e-type=\"column\">\n\t\t\t<div class=\"elementor-widget-wrap elementor-element-populated\">\n\t\t\t\t\t\t<div class=\"elementor-element elementor-element-5627308 elementor-grid-4 elementor-posts--align-left elementor-grid-tablet-2 elementor-grid-mobile-1 elementor-posts--thumbnail-top elementor-card-shadow-yes elementor-posts__hover-gradient elementor-widget elementor-widget-posts\" data-id=\"5627308\" data-element_type=\"widget\" data-e-type=\"widget\" data-settings=\"{&quot;cards_columns&quot;:&quot;4&quot;,&quot;pagination_type&quot;:&quot;prev_next&quot;,&quot;cards_columns_tablet&quot;:&quot;2&quot;,&quot;cards_columns_mobile&quot;:&quot;1&quot;,&quot;cards_row_gap&quot;:{&quot;unit&quot;:&quot;px&quot;,&quot;size&quot;:35,&quot;sizes&quot;:[]},&quot;cards_row_gap_widescreen&quot;:{&quot;unit&quot;:&quot;px&quot;,&quot;size&quot;:&quot;&quot;,&quot;sizes&quot;:[]},&quot;cards_row_gap_laptop&quot;:{&quot;unit&quot;:&quot;px&quot;,&quot;size&quot;:&quot;&quot;,&quot;sizes&quot;:[]},&quot;cards_row_gap_tablet_extra&quot;:{&quot;unit&quot;:&quot;px&quot;,&quot;size&quot;:&quot;&quot;,&quot;sizes&quot;:[]},&quot;cards_row_gap_tablet&quot;:{&quot;unit&quot;:&quot;px&quot;,&quot;size&quot;:&quot;&quot;,&quot;sizes&quot;:[]},&quot;cards_row_gap_mobile_extra&quot;:{&quot;unit&quot;:&quot;px&quot;,&quot;size&quot;:&quot;&quot;,&quot;sizes&quot;:[]},&quot;cards_row_gap_mobile&quot;:{&quot;unit&quot;:&quot;px&quot;,&quot;size&quot;:&quot;&quot;,&quot;sizes&quot;:[]}}\" data-widget_type=\"posts.cards\">\n\t\t\t\t<div class=\"elementor-widget-container\">\n\t\t\t\t\t\t\t<div class=\"elementor-posts-container elementor-posts elementor-posts--skin-cards elementor-grid\" role=\"list\">\n\t\t\t\t<article class=\"elementor-post elementor-grid-item post-242681 post type-post status-publish format-standard has-post-thumbnail hentry category-globenewswire-pt-pt\" role=\"listitem\">\n\t\t\t<div class=\"elementor-post__card\">\n\t\t\t\t<a class=\"elementor-post__thumbnail__link\" href=\"https:\/\/efecomunica.efe.com\/pt-pt\/novo-relatorio-da-anaqua-revela-aumento-de-registros-de-patentes-de-semicondutores-de-ia-2\/\" tabindex=\"-1\" ><div class=\"elementor-post__thumbnail\"><img fetchpriority=\"high\" decoding=\"async\" width=\"1200\" height=\"650\" src=\"https:\/\/efecomunica.efe.com\/wp-content\/uploads\/2022\/10\/Notified-GlobeNewswire-Color-Large-1.jpg\" class=\"attachment-full size-full wp-image-48434\" alt=\"Tealium\" srcset=\"https:\/\/efecomunica.efe.com\/wp-content\/uploads\/2022\/10\/Notified-GlobeNewswire-Color-Large-1.jpg 1200w, https:\/\/efecomunica.efe.com\/wp-content\/uploads\/2022\/10\/Notified-GlobeNewswire-Color-Large-1-300x163.jpg 300w, https:\/\/efecomunica.efe.com\/wp-content\/uploads\/2022\/10\/Notified-GlobeNewswire-Color-Large-1-1024x555.jpg 1024w, https:\/\/efecomunica.efe.com\/wp-content\/uploads\/2022\/10\/Notified-GlobeNewswire-Color-Large-1-768x416.jpg 768w, https:\/\/efecomunica.efe.com\/wp-content\/uploads\/2022\/10\/Notified-GlobeNewswire-Color-Large-1-1120x607.jpg 1120w, https:\/\/efecomunica.efe.com\/wp-content\/uploads\/2022\/10\/Notified-GlobeNewswire-Color-Large-1-430x233.jpg 430w\" sizes=\"(max-width: 1200px) 100vw, 1200px\" data-attachment-id=\"48434\" data-permalink=\"https:\/\/efecomunica.efe.com\/pt-pt\/notified-globenewswire-color-large\/notified-globenewswire-color-large-2\/\" data-orig-file=\"https:\/\/efecomunica.efe.com\/wp-content\/uploads\/2022\/10\/Notified-GlobeNewswire-Color-Large-1.jpg\" data-orig-size=\"1200,650\" data-comments-opened=\"0\" data-image-meta=\"{&quot;aperture&quot;:&quot;0&quot;,&quot;credit&quot;:&quot;&quot;,&quot;camera&quot;:&quot;&quot;,&quot;caption&quot;:&quot;&quot;,&quot;created_timestamp&quot;:&quot;0&quot;,&quot;copyright&quot;:&quot;&quot;,&quot;focal_length&quot;:&quot;0&quot;,&quot;iso&quot;:&quot;0&quot;,&quot;shutter_speed&quot;:&quot;0&quot;,&quot;title&quot;:&quot;&quot;,&quot;orientation&quot;:&quot;1&quot;}\" data-image-title=\"Chivas Regal today announces the global launch of its groundbreaking spirit innovation, Chivas Regal Crystalgold.\" data-image-description=\"&lt;p&gt;El \u00edndice Moneyball de Squawka clasifica a los clubes de la Premier League tomando en cuenta las \u00faltimas cinco temporadas (incluida la 2025\/26).&lt;\/p&gt;\n\" data-image-caption=\"\" data-large-file=\"https:\/\/efecomunica.efe.com\/wp-content\/uploads\/2022\/10\/Notified-GlobeNewswire-Color-Large-1-1024x555.jpg\" \/><\/div><\/a>\n\t\t\t\t<div class=\"elementor-post__badge\">Globenewswire<\/div>\n\t\t\t\t<div class=\"elementor-post__text\">\n\t\t\t\t<h2 class=\"elementor-post__title\">\n\t\t\t<a href=\"https:\/\/efecomunica.efe.com\/pt-pt\/novo-relatorio-da-anaqua-revela-aumento-de-registros-de-patentes-de-semicondutores-de-ia-2\/\" >\n\t\t\t\tNovo Relat\u00f3rio da Anaqua Revela Aumento de Registros de Patentes de Semicondutores de IA\t\t\t<\/a>\n\t\t<\/h2>\n\t\t\t\t<div class=\"elementor-post__excerpt\">\n\t\t\t<p>Novo Relat\u00f3rio da Anaqua Revela Aumento de Registros de Patentes de Semicondutores de IA A IA surge como o principal incentivo \u00e0 inova\u00e7\u00e3o com um<\/p>\n\t\t<\/div>\n\t\t\n\t\t<a class=\"elementor-post__read-more\" href=\"https:\/\/efecomunica.efe.com\/pt-pt\/novo-relatorio-da-anaqua-revela-aumento-de-registros-de-patentes-de-semicondutores-de-ia-2\/\" aria-label=\"Read more about Novo Relat\u00f3rio da Anaqua Revela Aumento de Registros de Patentes de Semicondutores de IA\" tabindex=\"-1\" >\n\t\t\tLer mais \u00bb\t\t<\/a>\n\n\t\t\t\t<\/div>\n\t\t\t\t<div class=\"elementor-post__meta-data\">\n\t\t\t\t\t<span class=\"elementor-post-date\">\n\t\t\t1 de Setembro de 2026\t\t<\/span>\n\t\t\t\t<\/div>\n\t\t\t\t\t<\/div>\n\t\t<\/article>\n\t\t\t\t<article class=\"elementor-post elementor-grid-item post-242679 post type-post status-publish format-standard has-post-thumbnail hentry category-globenewswire-pt-pt\" role=\"listitem\">\n\t\t\t<div class=\"elementor-post__card\">\n\t\t\t\t<a class=\"elementor-post__thumbnail__link\" href=\"https:\/\/efecomunica.efe.com\/pt-pt\/novo-relatorio-da-anaqua-revela-aumento-de-registros-de-patentes-de-semicondutores-de-ia\/\" tabindex=\"-1\" ><div class=\"elementor-post__thumbnail\"><img fetchpriority=\"high\" decoding=\"async\" width=\"1200\" height=\"650\" src=\"https:\/\/efecomunica.efe.com\/wp-content\/uploads\/2022\/10\/Notified-GlobeNewswire-Color-Large-1.jpg\" class=\"attachment-full size-full wp-image-48434\" alt=\"Tealium\" srcset=\"https:\/\/efecomunica.efe.com\/wp-content\/uploads\/2022\/10\/Notified-GlobeNewswire-Color-Large-1.jpg 1200w, https:\/\/efecomunica.efe.com\/wp-content\/uploads\/2022\/10\/Notified-GlobeNewswire-Color-Large-1-300x163.jpg 300w, https:\/\/efecomunica.efe.com\/wp-content\/uploads\/2022\/10\/Notified-GlobeNewswire-Color-Large-1-1024x555.jpg 1024w, https:\/\/efecomunica.efe.com\/wp-content\/uploads\/2022\/10\/Notified-GlobeNewswire-Color-Large-1-768x416.jpg 768w, https:\/\/efecomunica.efe.com\/wp-content\/uploads\/2022\/10\/Notified-GlobeNewswire-Color-Large-1-1120x607.jpg 1120w, https:\/\/efecomunica.efe.com\/wp-content\/uploads\/2022\/10\/Notified-GlobeNewswire-Color-Large-1-430x233.jpg 430w\" sizes=\"(max-width: 1200px) 100vw, 1200px\" data-attachment-id=\"48434\" data-permalink=\"https:\/\/efecomunica.efe.com\/pt-pt\/notified-globenewswire-color-large\/notified-globenewswire-color-large-2\/\" data-orig-file=\"https:\/\/efecomunica.efe.com\/wp-content\/uploads\/2022\/10\/Notified-GlobeNewswire-Color-Large-1.jpg\" data-orig-size=\"1200,650\" data-comments-opened=\"0\" data-image-meta=\"{&quot;aperture&quot;:&quot;0&quot;,&quot;credit&quot;:&quot;&quot;,&quot;camera&quot;:&quot;&quot;,&quot;caption&quot;:&quot;&quot;,&quot;created_timestamp&quot;:&quot;0&quot;,&quot;copyright&quot;:&quot;&quot;,&quot;focal_length&quot;:&quot;0&quot;,&quot;iso&quot;:&quot;0&quot;,&quot;shutter_speed&quot;:&quot;0&quot;,&quot;title&quot;:&quot;&quot;,&quot;orientation&quot;:&quot;1&quot;}\" data-image-title=\"Chivas Regal today announces the global launch of its groundbreaking spirit innovation, Chivas Regal Crystalgold.\" data-image-description=\"&lt;p&gt;El \u00edndice Moneyball de Squawka clasifica a los clubes de la Premier League tomando en cuenta las \u00faltimas cinco temporadas (incluida la 2025\/26).&lt;\/p&gt;\n\" data-image-caption=\"\" data-large-file=\"https:\/\/efecomunica.efe.com\/wp-content\/uploads\/2022\/10\/Notified-GlobeNewswire-Color-Large-1-1024x555.jpg\" \/><\/div><\/a>\n\t\t\t\t<div class=\"elementor-post__badge\">Globenewswire<\/div>\n\t\t\t\t<div class=\"elementor-post__text\">\n\t\t\t\t<h2 class=\"elementor-post__title\">\n\t\t\t<a href=\"https:\/\/efecomunica.efe.com\/pt-pt\/novo-relatorio-da-anaqua-revela-aumento-de-registros-de-patentes-de-semicondutores-de-ia\/\" >\n\t\t\t\tNovo Relat\u00f3rio da Anaqua Revela Aumento de Registros de Patentes de Semicondutores de IA\t\t\t<\/a>\n\t\t<\/h2>\n\t\t\t\t<div class=\"elementor-post__excerpt\">\n\t\t\t<p>Novo Relat\u00f3rio da Anaqua Revela Aumento de Registros de Patentes de Semicondutores de IA A IA surge como o principal incentivo \u00e0 inova\u00e7\u00e3o com um<\/p>\n\t\t<\/div>\n\t\t\n\t\t<a class=\"elementor-post__read-more\" href=\"https:\/\/efecomunica.efe.com\/pt-pt\/novo-relatorio-da-anaqua-revela-aumento-de-registros-de-patentes-de-semicondutores-de-ia\/\" aria-label=\"Read more about Novo Relat\u00f3rio da Anaqua Revela Aumento de Registros de Patentes de Semicondutores de IA\" tabindex=\"-1\" >\n\t\t\tLer mais \u00bb\t\t<\/a>\n\n\t\t\t\t<\/div>\n\t\t\t\t<div class=\"elementor-post__meta-data\">\n\t\t\t\t\t<span class=\"elementor-post-date\">\n\t\t\t1 de Setembro de 2026\t\t<\/span>\n\t\t\t\t<\/div>\n\t\t\t\t\t<\/div>\n\t\t<\/article>\n\t\t\t\t<article class=\"elementor-post elementor-grid-item post-242603 post type-post status-publish format-standard has-post-thumbnail hentry category-pr-newswire-pt-pt\" role=\"listitem\">\n\t\t\t<div class=\"elementor-post__card\">\n\t\t\t\t<a class=\"elementor-post__thumbnail__link\" href=\"https:\/\/efecomunica.efe.com\/pt-pt\/a-kucoin-aprimora-seus-servicos-de-emprestimos-institucionais-para-fortalecer-a-infraestrutura-de-capital-e-aumentar-a-eficiencia\/\" tabindex=\"-1\" ><div class=\"elementor-post__thumbnail\"><img decoding=\"async\" width=\"1920\" height=\"1080\" src=\"https:\/\/efecomunica.efe.com\/wp-content\/uploads\/2026\/09\/rss-efeeb0795286e611053e25e88de83b115b01d21c928w.jpg\" class=\"attachment-full size-full wp-image-242604\" alt=\"\" srcset=\"https:\/\/efecomunica.efe.com\/wp-content\/uploads\/2026\/09\/rss-efeeb0795286e611053e25e88de83b115b01d21c928w.jpg 1920w, https:\/\/efecomunica.efe.com\/wp-content\/uploads\/2026\/09\/rss-efeeb0795286e611053e25e88de83b115b01d21c928w-300x169.jpg 300w, https:\/\/efecomunica.efe.com\/wp-content\/uploads\/2026\/09\/rss-efeeb0795286e611053e25e88de83b115b01d21c928w-1024x576.jpg 1024w, https:\/\/efecomunica.efe.com\/wp-content\/uploads\/2026\/09\/rss-efeeb0795286e611053e25e88de83b115b01d21c928w-768x432.jpg 768w, https:\/\/efecomunica.efe.com\/wp-content\/uploads\/2026\/09\/rss-efeeb0795286e611053e25e88de83b115b01d21c928w-1120x630.jpg 1120w, https:\/\/efecomunica.efe.com\/wp-content\/uploads\/2026\/09\/rss-efeeb0795286e611053e25e88de83b115b01d21c928w-1536x864.jpg 1536w, https:\/\/efecomunica.efe.com\/wp-content\/uploads\/2026\/09\/rss-efeeb0795286e611053e25e88de83b115b01d21c928w-430x242.jpg 430w, https:\/\/efecomunica.efe.com\/wp-content\/uploads\/2026\/09\/rss-efeeb0795286e611053e25e88de83b115b01d21c928w-1200x675.jpg 1200w\" sizes=\"(max-width: 1920px) 100vw, 1920px\" data-attachment-id=\"242604\" data-permalink=\"https:\/\/efecomunica.efe.com\/pt-pt\/a-kucoin-aprimora-seus-servicos-de-emprestimos-institucionais-para-fortalecer-a-infraestrutura-de-capital-e-aumentar-a-eficiencia\/imagen-5780\/\" data-orig-file=\"https:\/\/efecomunica.efe.com\/wp-content\/uploads\/2026\/09\/rss-efeeb0795286e611053e25e88de83b115b01d21c928w.jpg\" data-orig-size=\"1920,1080\" data-comments-opened=\"0\" data-image-meta=\"{&quot;aperture&quot;:&quot;0&quot;,&quot;credit&quot;:&quot;EFE&quot;,&quot;camera&quot;:&quot;&quot;,&quot;caption&quot;:&quot;A KuCoin aprimora seus servi\\u00e7os de empr\\u00e9stimos institucionais para fortalecer a infraestrutura de capital e aumentar a efici\\u00eancia\\r\\nPR Newswire\\r\\nPROVIDENCIALES, Ilhas Turks e Caicos, 1\\u00ba de setembro de 2026\\r\\nPROVIDENCIALES, Ilhas Turks e Caicos, 1\\u00ba de setembro de 2026 \/PRNewswire\/ -- A KuCoin, uma plataforma global l\\u00edder em criptomoedas constru\\u00edda com base na confian\\u00e7a, anunciou hoje uma atualiza\\u00e7\\u00e3o de seu Programa de Empr\\u00e9stimo Institucional Sem Juros, adicionando suporte \\u00e0 sua Conta de Negocia\\u00e7\\u00e3o Unificada (UTA). O programa atualizado reduz, para novos clientes registrados via API, o requisito de volume de negocia\\u00e7\\u00e3o externo qualificado nos \\u00faltimos 30 dias de 30 milh\\u00f5es para 10 milh\\u00f5es de USDT e oferece juros de 0% nos primeiros dois meses, sem exig\\u00eancia de volume. Clientes eleg\\u00edveis podem tomar emprestados at\\u00e9 3 milh\\u00f5es de USDT para uso em opera\\u00e7\\u00f5es \\u00e0 vista, com margem e em contratos futuros.\\r\\n\\u00c0 medida que as institui\\u00e7\\u00f5es operam com mais produtos e estrat\\u00e9gias, o capital pode ficar fragmentado entre contas, aumentando os custos e o atrito operacional. A integra\\u00e7\\u00e3o de empr\\u00e9stimos a uma conta unificada aproxima o financiamento da execu\\u00e7\\u00e3o das opera\\u00e7\\u00f5es, ajudando as equipes profissionais a utilizar garantias e alocar capital com mais efici\\u00eancia.\\r\\nA UTA \\u00e9 uma estrutura de conta que permite aos usu\\u00e1rios qualificados gerenciar capital em diversos produtos de negocia\\u00e7\\u00e3o compat\\u00edveis por meio de uma \\u00fanica estrutura de conta. Com a integra\\u00e7\\u00e3o do Empr\\u00e9stimo Institucional, os fundos emprestados podem ser utilizados em opera\\u00e7\\u00f5es \\u00e0 vista, com margem e em contratos futuros, sem a necessidade de transfer\\u00eancias entre contas de negocia\\u00e7\\u00e3o separadas. \\u00c9 poss\\u00edvel obter empr\\u00e9stimos em USDT, USDC, BTC e ETH.\\r\\nEm 2024, a KuCoin introduziu o cr\\u00e9dito direcionado sem juros, oferecendo aos traders de API e \\u00e0s equipes quantitativas eleg\\u00edveis at\\u00e9 500.000 USDT, al\\u00e9m de benef\\u00edcios em taxas, conectividade aprimorada, limites de API mais altos e suporte t\\u00e9cnico. Em 2025, o limite de empr\\u00e9stimo aumentou para 3 milh\\u00f5es de USDT, com suporte a m\\u00faltiplos ativos de empr\\u00e9stimo e a possibilidade de combinar fundos de subcontas como margem em produtos eleg\\u00edveis. A atualiza\\u00e7\\u00e3o de 2026 marca a pr\\u00f3xima etapa desse desenvolvimento, levando o programa de um modelo de cr\\u00e9dito direcionado a uma infraestrutura de capital institucional mais integrada.\\r\\n\\&quot;Os participantes profissionais do mercado precisam de acesso \\u00e0 liquidez de forma oportuna, flex\\u00edvel e com uso eficiente de capital. Uma infraestrutura eficaz de empr\\u00e9stimos institucionais deve combinar financiamento em larga escala, condi\\u00e7\\u00f5es personalizadas e pre\\u00e7os competitivos para que os clientes possam executar estrat\\u00e9gias sofisticadas com confian\\u00e7a\\&quot;, disse Alison Qin, chefe da KuCoin Institutional \\u0026amp; VIP. \\&quot;Ao integrar o cr\\u00e9dito \\u00e0 UTA, estamos aproximando o capital das contas e dos produtos por tr\\u00e1s dessas estrat\\u00e9gias, facilitando sua implementa\\u00e7\\u00e3o e ajudando os clientes a manter o controle sobre a execu\\u00e7\\u00e3o e o risco.\\&quot;\\r\\nA atualiza\\u00e7\\u00e3o reflete a abordagem mais ampla da KuCoin em rela\\u00e7\\u00e3o \\u00e0 inova\\u00e7\\u00e3o de produtos: constru\\u00e7\\u00e3o centrada em como os usu\\u00e1rios acessam, gerenciam, implantam e utilizam ativos digitais. Ao conectar financiamento, infraestrutura de contas e execu\\u00e7\\u00e3o, a KuCoin visa fornecer \\u00e0s institui\\u00e7\\u00f5es ferramentas pr\\u00e1ticas para participar da economia de ativos digitais em constante evolu\\u00e7\\u00e3o.\\r\\nSobre a KuCoinFundada em 2017, a KuCoin \\u00e9 uma plataforma global l\\u00edder em criptomoedas, constru\\u00edda com base na confian\\u00e7a e na seguran\\u00e7a, atendendo a mais de 45 milh\\u00f5es de usu\\u00e1rios em mais de 200 pa\\u00edses e regi\\u00f5es. Conhecida por sua confiabilidade e enfoque centrado no usu\\u00e1rio, a plataforma combina tecnologia avan\\u00e7ada, alta liquidez e fortes medidas de seguran\\u00e7a para oferecer uma perfeita experi\\u00eancia de negocia\\u00e7\\u00e3o. Por meio de um amplo conjunto de produtos, a KuCoin oferece acesso a mais de 1.500 ativos digitais e mant\\u00e9m o compromisso de construir uma infraestrutura transparente, centrada no usu\\u00e1rio e em conformidade com as normas para o futuro das finan\\u00e7as. A empresa \\u00e9 respaldada pelas certifica\\u00e7\\u00f5es SOC 2 Tipo II, ISO\/IEC 27001:2022, ISO\/IEC 27701:2019, ISO 22301:2019 e ISO\/IEC 42001:2023. Nos \\u00faltimos anos, estabelecemos uma base s\\u00f3lida de conformidade internacional, pontuada por marcos importantes, incluindo o registro na AUSTRAC na Austr\\u00e1lia, a licen\\u00e7a MiCAR na Europa e o progresso regulat\\u00f3rio em outros mercados.Saiba mais em www.kucoin.com.\\r\\nIsen\\u00e7\\u00e3o de responsabilidade\\r\\nAs informa\\u00e7\\u00f5es aqui contidas destinam-se exclusivamente a fins de rela\\u00e7\\u00f5es p\\u00fablicas da empresa e n\\u00e3o constituem endosso ou aconselhamento de investimento.\\r\\n View original content to download multimedia:https:\/\/www.prnewswire.com\/br\/comunicados-para-a-imprensa\/a-kucoin-aprimora-seus-servicos-de-emprestimos-institucionais-para-fortalecer-a-infraestrutura-de-capital-e-aumentar-a-eficiencia-302865003.html\\r\\nFONTE KuCoin&quot;,&quot;created_timestamp&quot;:&quot;1788242400&quot;,&quot;copyright&quot;:&quot;&quot;,&quot;focal_length&quot;:&quot;0&quot;,&quot;iso&quot;:&quot;0&quot;,&quot;shutter_speed&quot;:&quot;0&quot;,&quot;title&quot;:&quot;A KuCoin aprimora seus servi\\u00e7os de empr\\u00e9stimos institucionais para fortalecer a infraestrutura de capital e aumentar a efici\\u00eancia&quot;,&quot;orientation&quot;:&quot;0&quot;,&quot;alt&quot;:&quot;&quot;}\" data-image-title=\"Imagen-\" data-image-description=\"\" data-image-caption=\"\" data-large-file=\"https:\/\/efecomunica.efe.com\/wp-content\/uploads\/2026\/09\/rss-efeeb0795286e611053e25e88de83b115b01d21c928w-1024x576.jpg\" \/><\/div><\/a>\n\t\t\t\t<div class=\"elementor-post__badge\">PR Newswire<\/div>\n\t\t\t\t<div class=\"elementor-post__text\">\n\t\t\t\t<h2 class=\"elementor-post__title\">\n\t\t\t<a href=\"https:\/\/efecomunica.efe.com\/pt-pt\/a-kucoin-aprimora-seus-servicos-de-emprestimos-institucionais-para-fortalecer-a-infraestrutura-de-capital-e-aumentar-a-eficiencia\/\" >\n\t\t\t\tA KuCoin aprimora seus servi\u00e7os de empr\u00e9stimos institucionais para fortalecer a infraestrutura de capital e aumentar a efici\u00eancia\t\t\t<\/a>\n\t\t<\/h2>\n\t\t\t\t<div class=\"elementor-post__excerpt\">\n\t\t\t<p>(Informa\u00e7\u00e3o concedida pela entidade que a assina) A KuCoin, uma plataforma global l\u00edder em criptomoedas constru\u00edda com base na confian\u00e7a, anunciou hoje uma atualiza\u00e7\u00e3o de<\/p>\n\t\t<\/div>\n\t\t\n\t\t<a class=\"elementor-post__read-more\" href=\"https:\/\/efecomunica.efe.com\/pt-pt\/a-kucoin-aprimora-seus-servicos-de-emprestimos-institucionais-para-fortalecer-a-infraestrutura-de-capital-e-aumentar-a-eficiencia\/\" aria-label=\"Read more about A KuCoin aprimora seus servi\u00e7os de empr\u00e9stimos institucionais para fortalecer a infraestrutura de capital e aumentar a efici\u00eancia\" tabindex=\"-1\" >\n\t\t\tLer mais \u00bb\t\t<\/a>\n\n\t\t\t\t<\/div>\n\t\t\t\t<div class=\"elementor-post__meta-data\">\n\t\t\t\t\t<span class=\"elementor-post-date\">\n\t\t\t1 de Setembro de 2026\t\t<\/span>\n\t\t\t\t<\/div>\n\t\t\t\t\t<\/div>\n\t\t<\/article>\n\t\t\t\t<article class=\"elementor-post elementor-grid-item post-242469 post type-post status-publish format-standard has-post-thumbnail hentry category-pr-newswire-pt-pt\" role=\"listitem\">\n\t\t\t<div class=\"elementor-post__card\">\n\t\t\t\t<a class=\"elementor-post__thumbnail__link\" href=\"https:\/\/efecomunica.efe.com\/pt-pt\/a-marca-de-k-beauty-dr-althea-chega-a-sephora-mexico-para-acelerar-sua-expansao-na-america-latina\/\" tabindex=\"-1\" ><div class=\"elementor-post__thumbnail\"><img decoding=\"async\" width=\"1920\" height=\"989\" src=\"https:\/\/efecomunica.efe.com\/wp-content\/uploads\/2026\/08\/rss-efe9c4c3a12ba6c42fc7058f4ece313485b8a2820f7w.jpg\" class=\"attachment-full size-full wp-image-242470\" alt=\"\" srcset=\"https:\/\/efecomunica.efe.com\/wp-content\/uploads\/2026\/08\/rss-efe9c4c3a12ba6c42fc7058f4ece313485b8a2820f7w.jpg 1920w, https:\/\/efecomunica.efe.com\/wp-content\/uploads\/2026\/08\/rss-efe9c4c3a12ba6c42fc7058f4ece313485b8a2820f7w-300x155.jpg 300w, https:\/\/efecomunica.efe.com\/wp-content\/uploads\/2026\/08\/rss-efe9c4c3a12ba6c42fc7058f4ece313485b8a2820f7w-1024x527.jpg 1024w, https:\/\/efecomunica.efe.com\/wp-content\/uploads\/2026\/08\/rss-efe9c4c3a12ba6c42fc7058f4ece313485b8a2820f7w-768x396.jpg 768w, https:\/\/efecomunica.efe.com\/wp-content\/uploads\/2026\/08\/rss-efe9c4c3a12ba6c42fc7058f4ece313485b8a2820f7w-1120x577.jpg 1120w, https:\/\/efecomunica.efe.com\/wp-content\/uploads\/2026\/08\/rss-efe9c4c3a12ba6c42fc7058f4ece313485b8a2820f7w-1536x791.jpg 1536w, https:\/\/efecomunica.efe.com\/wp-content\/uploads\/2026\/08\/rss-efe9c4c3a12ba6c42fc7058f4ece313485b8a2820f7w-430x221.jpg 430w, https:\/\/efecomunica.efe.com\/wp-content\/uploads\/2026\/08\/rss-efe9c4c3a12ba6c42fc7058f4ece313485b8a2820f7w-1200x618.jpg 1200w\" sizes=\"(max-width: 1920px) 100vw, 1920px\" data-attachment-id=\"242470\" data-permalink=\"https:\/\/efecomunica.efe.com\/pt-pt\/a-marca-de-k-beauty-dr-althea-chega-a-sephora-mexico-para-acelerar-sua-expansao-na-america-latina\/imagen-5773\/\" data-orig-file=\"https:\/\/efecomunica.efe.com\/wp-content\/uploads\/2026\/08\/rss-efe9c4c3a12ba6c42fc7058f4ece313485b8a2820f7w.jpg\" data-orig-size=\"1920,989\" data-comments-opened=\"0\" data-image-meta=\"{&quot;aperture&quot;:&quot;0&quot;,&quot;credit&quot;:&quot;EFE&quot;,&quot;camera&quot;:&quot;&quot;,&quot;caption&quot;:&quot;A marca de K-Beauty Dr.Althea chega \\u00e0 Sephora M\\u00e9xico para acelerar sua expans\\u00e3o na Am\\u00e9rica Latina\\r\\nPR Newswire\\r\\nCIDADE DO M\\u00c9XICO, 31 de agosto de 2026\\r\\nCIDADE DO M\\u00c9XICO, 31 de agosto de 2026 \/PRNewswire\/ -- A Dr.Althea, uma marca l\\u00edder de cuidados com a pele inspirada na dermatologia coreana, anunciou hoje seu lan\\u00e7amento oficial na Sephora M\\u00e9xico. As f\\u00f3rmulas suaves, por\\u00e9m eficazes e de alto desempenho da marca est\\u00e3o dispon\\u00edveis online na Sephora M\\u00e9xico a partir de hoje e ser\\u00e3o lan\\u00e7adas em 44 lojas f\\u00edsicas da Sephora em todo o M\\u00e9xico em 1\\u00ba de setembro de 2026. Essa parceria estrat\\u00e9gica estabelece uma presen\\u00e7a de varejo premium para a Dr.Althea em um dos mercados de beleza mais din\\u00e2micos das Am\\u00e9ricas.\\r\\n\\&quot;O lan\\u00e7amento na Sephora M\\u00e9xico \\u00e9 um marco fundamental em nossa estrat\\u00e9gia de expans\\u00e3o na Am\\u00e9rica Latina\\&quot;, disse Donghoon Lee, CEO da Dr.Althea. \\&quot;A parceria com uma varejista global de renome como a Sephora nos permite apresentar nossas f\\u00f3rmulas especializadas de prote\\u00e7\\u00e3o da barreira cut\\u00e2nea aos consumidores mexicanos, ao mesmo tempo que sinaliza claramente nosso forte compromisso em construir uma presen\\u00e7a sustent\\u00e1vel e de longo prazo em toda a regi\\u00e3o.\\&quot;\\r\\nA Dr.Althea expande sua presen\\u00e7a na Am\\u00e9rica Latina.\\r\\nO lan\\u00e7amento na Sephora fortalece a posi\\u00e7\\u00e3o da Dr.Althea no mercado de beleza mexicano e representa um passo importante em sua expans\\u00e3o pela Am\\u00e9rica Latina. A parceria com a renomada varejista oferece uma plataforma s\\u00f3lida para a marca continuar expandindo sua rede de varejo e distribui\\u00e7\\u00e3o em toda a regi\\u00e3o. Essa dire\\u00e7\\u00e3o est\\u00e1 alinhada com a vis\\u00e3o de longo prazo da empresa de tornar suas solu\\u00e7\\u00f5es de beleza coreanas, inspiradas na dermatologia e adequadas para peles sens\\u00edveis, acess\\u00edveis a um p\\u00fablico global mais amplo.\\r\\nDr.Althea chega \\u00e0 Sephora M\\u00e9xico\\r\\nPara atender \\u00e0s diversas necessidades de cuidados com a pele dos consumidores mexicanos, a Dr.Althea est\\u00e1 lan\\u00e7ando uma linha cuidadosamente selecionada, focada na recupera\\u00e7\\u00e3o da pele a longo prazo. O lan\\u00e7amento conta com 20 produtos dispon\\u00edveis online e 14 produtos nas lojas f\\u00edsicas. A linha de produtos destaca o mundialmente reconhecido creme 345 Relief Cream. Formulado com o exclusivo complexo 345 Relief Complex\\u0099 da marca, este hidratante di\\u00e1rio campe\\u00e3o de vendas proporciona cuidado calmante e nutritivo para peles sens\\u00edveis e com tend\\u00eancia a acne, ao mesmo tempo que fortalece a hidrata\\u00e7\\u00e3o e a barreira cut\\u00e2nea.\\r\\nAo trazer essas solu\\u00e7\\u00f5es suaves, por\\u00e9m de alto desempenho, para a base de consumidores engajados da Sephora M\\u00e9xico, a Dr.Althea continua a consolidar sua crescente presen\\u00e7a global em cuidados com a pele baseados na ci\\u00eancia.\\r\\nSOBRE A DR.ALTHEA\\r\\nFundada em 2014, a Dr.Althea \\u00e9 uma marca coreana de cuidados com a pele inspirada na dermatologia, guiada pela filosofia \\&quot;Only essentials. Gently effective.\\&quot; (\\&quot;Apenas o essencial. Suavemente eficaz.\\&quot;) A marca foca na recupera\\u00e7\\u00e3o da pele a longo prazo e em barreiras cut\\u00e2neas comprometidas. Combinando dermatologia avan\\u00e7ada com ingredientes de alta performance, todos os produtos s\\u00e3o formulados para peles sens\\u00edveis. A Dr.Althea \\u00e9 amplamente reconhecida por seu produto principal, o creme 345 Relief Cream, uma f\\u00f3rmula calmante para o cuidado de imperfei\\u00e7\\u00f5es que j\\u00e1 ultrapassou a marca de 30 milh\\u00f5es de unidades vendidas em todo o mundo.\\r\\n View original content to download multimedia:https:\/\/www.prnewswire.com\/br\/comunicados-para-a-imprensa\/a-marca-de-k-beauty-dralthea-chega-a-sephora-mexico-para-acelerar-sua-expansao-na-america-latina-302862693.html\\r\\nFONTE Dr.Althea&quot;,&quot;created_timestamp&quot;:&quot;1788177600&quot;,&quot;copyright&quot;:&quot;&quot;,&quot;focal_length&quot;:&quot;0&quot;,&quot;iso&quot;:&quot;0&quot;,&quot;shutter_speed&quot;:&quot;0&quot;,&quot;title&quot;:&quot;A marca de K-Beauty Dr.Althea chega \\u00e0 Sephora M\\u00e9xico para acelerar sua expans\\u00e3o na Am\\u00e9rica Latina&quot;,&quot;orientation&quot;:&quot;0&quot;,&quot;alt&quot;:&quot;&quot;}\" data-image-title=\"Imagen-\" data-image-description=\"\" data-image-caption=\"\" data-large-file=\"https:\/\/efecomunica.efe.com\/wp-content\/uploads\/2026\/08\/rss-efe9c4c3a12ba6c42fc7058f4ece313485b8a2820f7w-1024x527.jpg\" \/><\/div><\/a>\n\t\t\t\t<div class=\"elementor-post__badge\">PR Newswire<\/div>\n\t\t\t\t<div class=\"elementor-post__text\">\n\t\t\t\t<h2 class=\"elementor-post__title\">\n\t\t\t<a href=\"https:\/\/efecomunica.efe.com\/pt-pt\/a-marca-de-k-beauty-dr-althea-chega-a-sephora-mexico-para-acelerar-sua-expansao-na-america-latina\/\" >\n\t\t\t\tA marca de K-Beauty Dr.Althea chega \u00e0 Sephora M\u00e9xico para acelerar sua expans\u00e3o na Am\u00e9rica Latina\t\t\t<\/a>\n\t\t<\/h2>\n\t\t\t\t<div class=\"elementor-post__excerpt\">\n\t\t\t<p>(Informa\u00e7\u00e3o concedida pela entidade que a assina) A Dr.Althea, uma marca l\u00edder de cuidados com a pele inspirada na dermatologia coreana, anunciou hoje seu lan\u00e7amento<\/p>\n\t\t<\/div>\n\t\t\n\t\t<a class=\"elementor-post__read-more\" href=\"https:\/\/efecomunica.efe.com\/pt-pt\/a-marca-de-k-beauty-dr-althea-chega-a-sephora-mexico-para-acelerar-sua-expansao-na-america-latina\/\" aria-label=\"Read more about A marca de K-Beauty Dr.Althea chega \u00e0 Sephora M\u00e9xico para acelerar sua expans\u00e3o na Am\u00e9rica Latina\" tabindex=\"-1\" >\n\t\t\tLer mais \u00bb\t\t<\/a>\n\n\t\t\t\t<\/div>\n\t\t\t\t<div class=\"elementor-post__meta-data\">\n\t\t\t\t\t<span class=\"elementor-post-date\">\n\t\t\t31 de Agosto de 2026\t\t<\/span>\n\t\t\t\t<\/div>\n\t\t\t\t\t<\/div>\n\t\t<\/article>\n\t\t\t\t<article class=\"elementor-post elementor-grid-item post-242437 post type-post status-publish format-standard has-post-thumbnail hentry category-pr-newswire-pt-pt\" role=\"listitem\">\n\t\t\t<div class=\"elementor-post__card\">\n\t\t\t\t<a class=\"elementor-post__thumbnail__link\" href=\"https:\/\/efecomunica.efe.com\/pt-pt\/a-phoenix-tower-international-assina-novo-financiamento-multijurisdicional-de-us-65-bilhoes\/\" tabindex=\"-1\" ><div class=\"elementor-post__thumbnail\"><img loading=\"lazy\" decoding=\"async\" width=\"1920\" height=\"1522\" src=\"https:\/\/efecomunica.efe.com\/wp-content\/uploads\/2026\/08\/rss-efe532e106d0d61de6575d317566003697b5cb201d5w.jpg\" class=\"attachment-full size-full wp-image-242438\" alt=\"\" srcset=\"https:\/\/efecomunica.efe.com\/wp-content\/uploads\/2026\/08\/rss-efe532e106d0d61de6575d317566003697b5cb201d5w.jpg 1920w, https:\/\/efecomunica.efe.com\/wp-content\/uploads\/2026\/08\/rss-efe532e106d0d61de6575d317566003697b5cb201d5w-300x238.jpg 300w, https:\/\/efecomunica.efe.com\/wp-content\/uploads\/2026\/08\/rss-efe532e106d0d61de6575d317566003697b5cb201d5w-1024x812.jpg 1024w, https:\/\/efecomunica.efe.com\/wp-content\/uploads\/2026\/08\/rss-efe532e106d0d61de6575d317566003697b5cb201d5w-768x609.jpg 768w, https:\/\/efecomunica.efe.com\/wp-content\/uploads\/2026\/08\/rss-efe532e106d0d61de6575d317566003697b5cb201d5w-1120x888.jpg 1120w, https:\/\/efecomunica.efe.com\/wp-content\/uploads\/2026\/08\/rss-efe532e106d0d61de6575d317566003697b5cb201d5w-1536x1218.jpg 1536w, https:\/\/efecomunica.efe.com\/wp-content\/uploads\/2026\/08\/rss-efe532e106d0d61de6575d317566003697b5cb201d5w-361x286.jpg 361w, https:\/\/efecomunica.efe.com\/wp-content\/uploads\/2026\/08\/rss-efe532e106d0d61de6575d317566003697b5cb201d5w-1200x951.jpg 1200w\" sizes=\"(max-width: 1920px) 100vw, 1920px\" data-attachment-id=\"242438\" data-permalink=\"https:\/\/efecomunica.efe.com\/pt-pt\/a-phoenix-tower-international-assina-novo-financiamento-multijurisdicional-de-us-65-bilhoes\/imagen-5773\/\" data-orig-file=\"https:\/\/efecomunica.efe.com\/wp-content\/uploads\/2026\/08\/rss-efe532e106d0d61de6575d317566003697b5cb201d5w.jpg\" data-orig-size=\"1920,1522\" data-comments-opened=\"0\" data-image-meta=\"{&quot;aperture&quot;:&quot;0&quot;,&quot;credit&quot;:&quot;EFE&quot;,&quot;camera&quot;:&quot;&quot;,&quot;caption&quot;:&quot;A Phoenix Tower International assina novo financiamento multijurisdicional de US$ 6,5 bilh\\u00f5es\\r\\nPR Newswire\\r\\nBOCA RATON, Fl\\u00f3rida, 31 de agosto de 2026\\r\\nBOCA RATON, Fl\\u00f3rida, 31 de agosto de 2026 \/PRNewswire\/ -- A Phoenix Tower International (\\&quot;PTI\\&quot;), uma provedora l\\u00edder global de infraestrutura de comunica\\u00e7\\u00f5es sem fio, anunciou hoje que assinou um novo financiamento multijurisdicional de US$ 6,5 bilh\\u00f5es para consolidar seus empr\\u00e9stimos existentes e disponibilizar capacidade adicional substancial para apoiar o crescimento nos mercados atuais e em novos mercados ao redor do mundo.\\r\\nA transa\\u00e7\\u00e3o inclui linhas de cr\\u00e9dito a prazo no valor de US$ 5,365 bilh\\u00f5es, linhas de cr\\u00e9dito a prazo com desembolso diferido no valor de US$ 635 milh\\u00f5es e uma linha de cr\\u00e9dito rotativo no valor de US$ 500 milh\\u00f5es. Ela abrange todas as 23 jurisdi\\u00e7\\u00f5es da PTI na Europa, Am\\u00e9rica Latina, Caribe e Estados Unidos. A receita gerada por essas instala\\u00e7\\u00f5es ser\\u00e1 utilizada para: (i) quitar d\\u00edvidas existentes, incluindo taxas e despesas relacionadas; (ii) custear despesas de capital e aquisi\\u00e7\\u00f5es; e (iii) atender \\u00e0s necessidades de capital de giro. A conclus\\u00e3o da transa\\u00e7\\u00e3o est\\u00e1 prevista para o final de setembro.\\r\\n\\&quot;Esta transa\\u00e7\\u00e3o multijurisdicional proporciona \\u00e0 PTI a estrutura de capital e a flexibilidade necess\\u00e1rias para continuar investindo em infraestrutura que conecta comunidades em diferentes mercados. O forte apetite dos financiadores reflete a disciplina e a vis\\u00e3o que impulsionaram nosso crescimento por mais de uma d\\u00e9cada, \\u00e0 medida que expandimos nossa plataforma de infraestrutura sem fio e entregamos solu\\u00e7\\u00f5es de valor agregado aos nossos clientes. Acreditamos que a arquitetura de rede existente enfrentar\\u00e1 uma press\\u00e3o significativa nos pr\\u00f3ximos anos devido ao tr\\u00e1fego de IA e ao crescimento cont\\u00ednuo do consumo de dados. Este financiamento nos permite continuar atendendo nossos clientes em diferentes mercados, ajudando-os a alcan\\u00e7ar seus objetivos em parceria com a PTI\\&quot;, disse Dagan Kasavana, CEO da PTI.\\r\\n\\&quot;Estamos muito satisfeitos por termos assinado este financiamento de US$ 6,5 bilh\\u00f5es \\u0097 o maior do g\\u00eanero para uma empresa privada de torres em nosso setor. A transa\\u00e7\\u00e3o reflete a confian\\u00e7a que nossos parceiros de cr\\u00e9dito depositam na PTI e a solidez da execu\\u00e7\\u00e3o de nossa equipe em 23 jurisdi\\u00e7\\u00f5es. Isso nos permitir\\u00e1 simplificar nossa estrutura de capital, reduzir os custos de financiamento e acessar capital adicional para apoiar o crescimento futuro. Estamos satisfeitos em firmar parceria com um grupo de credores t\\u00e3o s\\u00f3lido, enquanto continuamos a expandir nossa plataforma global\\&quot;, disse Michael Bremer, diretor financeiro da PTI.\\r\\nSobre a Phoenix Tower International\\r\\nA Phoenix Tower International (PTI) \\u00e9 uma empresa independente de infraestrutura de torres de telecomunica\\u00e7\\u00f5es com atua\\u00e7\\u00e3o global, sediada em Boca Raton, Fl\\u00f3rida (EUA). A empresa possui e opera mais de 33.000 sites de rede m\\u00f3vel em 23 pa\\u00edses e, como provedora neutra de infraestrutura de hospedagem, oferece acesso aberto a todas as operadoras de rede m\\u00f3vel.\\r\\n View original content to download multimedia:https:\/\/www.prnewswire.com\/br\/comunicados-para-a-imprensa\/a-phoenix-tower-international-assina-novo-financiamento-multijurisdicional-de-us-6-5-bilhoes-302865039.html\\r\\nFONTE Phoenix Tower International&quot;,&quot;created_timestamp&quot;:&quot;1788171360&quot;,&quot;copyright&quot;:&quot;&quot;,&quot;focal_length&quot;:&quot;0&quot;,&quot;iso&quot;:&quot;0&quot;,&quot;shutter_speed&quot;:&quot;0&quot;,&quot;title&quot;:&quot;A Phoenix Tower International assina novo financiamento multijurisdicional de US$ 6,5 bilh\\u00f5es&quot;,&quot;orientation&quot;:&quot;0&quot;,&quot;alt&quot;:&quot;&quot;}\" data-image-title=\"Imagen-\" data-image-description=\"\" data-image-caption=\"\" data-large-file=\"https:\/\/efecomunica.efe.com\/wp-content\/uploads\/2026\/08\/rss-efe532e106d0d61de6575d317566003697b5cb201d5w-1024x812.jpg\" \/><\/div><\/a>\n\t\t\t\t<div class=\"elementor-post__badge\">PR Newswire<\/div>\n\t\t\t\t<div class=\"elementor-post__text\">\n\t\t\t\t<h2 class=\"elementor-post__title\">\n\t\t\t<a href=\"https:\/\/efecomunica.efe.com\/pt-pt\/a-phoenix-tower-international-assina-novo-financiamento-multijurisdicional-de-us-65-bilhoes\/\" >\n\t\t\t\tA Phoenix Tower International assina novo financiamento multijurisdicional de US$ 6,5 bilh\u00f5es\t\t\t<\/a>\n\t\t<\/h2>\n\t\t\t\t<div class=\"elementor-post__excerpt\">\n\t\t\t<p>(Informa\u00e7\u00e3o concedida pela entidade que a assina) A Phoenix Tower International (&#8220;PTI&#8221;), uma provedora l\u00edder global de infraestrutura de comunica\u00e7\u00f5es sem fio, anunciou hoje que<\/p>\n\t\t<\/div>\n\t\t\n\t\t<a class=\"elementor-post__read-more\" href=\"https:\/\/efecomunica.efe.com\/pt-pt\/a-phoenix-tower-international-assina-novo-financiamento-multijurisdicional-de-us-65-bilhoes\/\" aria-label=\"Read more about A Phoenix Tower International assina novo financiamento multijurisdicional de US$ 6,5 bilh\u00f5es\" tabindex=\"-1\" >\n\t\t\tLer mais \u00bb\t\t<\/a>\n\n\t\t\t\t<\/div>\n\t\t\t\t<div class=\"elementor-post__meta-data\">\n\t\t\t\t\t<span class=\"elementor-post-date\">\n\t\t\t31 de Agosto de 2026\t\t<\/span>\n\t\t\t\t<\/div>\n\t\t\t\t\t<\/div>\n\t\t<\/article>\n\t\t\t\t<article class=\"elementor-post elementor-grid-item post-242419 post type-post status-publish format-standard has-post-thumbnail hentry category-pr-newswire-pt-pt\" role=\"listitem\">\n\t\t\t<div class=\"elementor-post__card\">\n\t\t\t\t<a class=\"elementor-post__thumbnail__link\" href=\"https:\/\/efecomunica.efe.com\/pt-pt\/padroes-da-eliminacao-associados-a-doenca-renal-felina-foram-demonstrados-por-meio-de-monitor-inteligente-de-caixa-de-areia\/\" tabindex=\"-1\" ><div class=\"elementor-post__thumbnail\"><img loading=\"lazy\" decoding=\"async\" width=\"1920\" height=\"1282\" src=\"https:\/\/efecomunica.efe.com\/wp-content\/uploads\/2026\/08\/rss-efed07ca016be202e1094c4e96ce56d385e93a21acew.jpg\" class=\"attachment-full size-full wp-image-242420\" alt=\"\" srcset=\"https:\/\/efecomunica.efe.com\/wp-content\/uploads\/2026\/08\/rss-efed07ca016be202e1094c4e96ce56d385e93a21acew.jpg 1920w, https:\/\/efecomunica.efe.com\/wp-content\/uploads\/2026\/08\/rss-efed07ca016be202e1094c4e96ce56d385e93a21acew-300x200.jpg 300w, https:\/\/efecomunica.efe.com\/wp-content\/uploads\/2026\/08\/rss-efed07ca016be202e1094c4e96ce56d385e93a21acew-1024x684.jpg 1024w, https:\/\/efecomunica.efe.com\/wp-content\/uploads\/2026\/08\/rss-efed07ca016be202e1094c4e96ce56d385e93a21acew-768x513.jpg 768w, https:\/\/efecomunica.efe.com\/wp-content\/uploads\/2026\/08\/rss-efed07ca016be202e1094c4e96ce56d385e93a21acew-1120x748.jpg 1120w, https:\/\/efecomunica.efe.com\/wp-content\/uploads\/2026\/08\/rss-efed07ca016be202e1094c4e96ce56d385e93a21acew-1536x1026.jpg 1536w, https:\/\/efecomunica.efe.com\/wp-content\/uploads\/2026\/08\/rss-efed07ca016be202e1094c4e96ce56d385e93a21acew-428x286.jpg 428w, https:\/\/efecomunica.efe.com\/wp-content\/uploads\/2026\/08\/rss-efed07ca016be202e1094c4e96ce56d385e93a21acew-1200x801.jpg 1200w\" sizes=\"(max-width: 1920px) 100vw, 1920px\" data-attachment-id=\"242420\" data-permalink=\"https:\/\/efecomunica.efe.com\/pt-pt\/padroes-da-eliminacao-associados-a-doenca-renal-felina-foram-demonstrados-por-meio-de-monitor-inteligente-de-caixa-de-areia\/imagen-5770\/\" data-orig-file=\"https:\/\/efecomunica.efe.com\/wp-content\/uploads\/2026\/08\/rss-efed07ca016be202e1094c4e96ce56d385e93a21acew.jpg\" data-orig-size=\"1920,1282\" data-comments-opened=\"0\" data-image-meta=\"{&quot;aperture&quot;:&quot;0&quot;,&quot;credit&quot;:&quot;EFE&quot;,&quot;camera&quot;:&quot;&quot;,&quot;caption&quot;:&quot;Padr\\u00f5es da elimina\\u00e7\\u00e3o associados \\u00e0 doen\\u00e7a renal felina  foram demonstrados por meio de monitor inteligente de caixa de areia\\r\\nPR Newswire\\r\\nST. LOUIS, 31 de agosto de 2026\\r\\nNova publica\\u00e7\\u00e3o demonstra como o monitoramento passivo em casa pode apoiar o reconhecimento mais precoce da doen\\u00e7a renal cr\\u00f4nica felina.\\r\\nST. LOUIS, 31 de agosto de 2026 \/PRNewswire\/ -- Purina Institute anuncia uma nova publica\\u00e7\\u00e3o que mostra que, ao monitorar o comportamento de elimina\\u00e7\\u00e3o de um gato em casa, \\u00e9 poss\\u00edvel identificar altera\\u00e7\\u00f5es sutis em como o pet faz suas necessidades que podem estar associadas \\u00e0 doen\\u00e7a renal cr\\u00f4nica. Este estudo retrospectivo forneceu evid\\u00eancias adicionais sobre as capacidades de um monitor inteligente de caixa de areia, para distinguir altera\\u00e7\\u00f5es significativas relacionadas \\u00e0 doen\\u00e7a renal cr\\u00f4nica (DRC), juntamente com dados existentes sobre a frequ\\u00eancia de defeca\\u00e7\\u00e3o em gatos1.\\r\\nAs descobertas da Nestl\\u00e9 Purina PetCare Global Research and Development, em conjunto com a The Ohio State University, publicadas em Animals, descrevem como um monitor inteligente de caixa de areia usa sensores e aprendizado autom\\u00e1tico para acompanhar de forma cont\\u00ednua e n\\u00e3o invasiva os comportamentos de elimina\\u00e7\\u00e3o em casa \\u0097 ajudando respons\\u00e1veis de pets e equipes veterin\\u00e1rias a reconhecer altera\\u00e7\\u00f5es mais cedo.\\r\\nA DRC felina \\u00e9 uma importante preocupa\\u00e7\\u00e3o de sa\\u00fade, mas os sinais iniciais podem n\\u00e3o ser identificados por m\\u00e9todos tradicionais em consultas de rotina, que oferecem apenas avalia\\u00e7\\u00f5es pontuais. Em contraste, o monitoramento viabilizado por caixas de areia inteligentes pode criar uma vis\\u00e3o di\\u00e1ria da mic\\u00e7\\u00e3o, defeca\\u00e7\\u00e3o e peso corporal sem interromper a rotina do gato. O sistema descrito no artigo classifica eventos (como mic\\u00e7\\u00e3o, defeca\\u00e7\\u00e3o e visitas sem elimina\\u00e7\\u00e3o) e consegue diferenciar v\\u00e1rios gatos no mesmo domic\\u00edlio, compartilhando ent\\u00e3o as tend\\u00eancias por meio de um aplicativo conectado.\\r\\nDestaques do estudo\\u00b7 An\\u00e1lise retrospectiva dos dados do monitor inteligente de caixa de areia de 136 gatos, incluindo gatos com DRC diagnosticada e gatos sem condi\\u00e7\\u00f5es conhecidas.\\r\\n\\u00b7 Os pesquisadores realizaram uma compara\\u00e7\\u00e3o entre grupos com DRC renal e grupos sem doen\\u00e7a renal em aproximadamente duas d\\u00fazias de caracter\\u00edsticas mensur\\u00e1veis pelo monitor, relacionadas \\u00e0 frequ\\u00eancia, ao peso e \\u00e0 dura\\u00e7\\u00e3o dos eventos de elimina\\u00e7\\u00e3o, bem como \\u00e0 entrada na caixa de areia e \\u00e0 intensidade de escava\\u00e7\\u00e3o.\\r\\n\\u00b7 Usando um subconjunto de gatos para o desenvolvimento do modelo e um subconjunto separado para valida\\u00e7\\u00e3o, a equipe construiu e avaliou uma abordagem preditiva destinada a sinalizar um perfil comportamental associado \\u00e0 DRC.\\r\\n\\u00b7 O monitor inteligente de caixa de areia conseguiu detectar esses comportamentos e identific\\u00e1-los como indicativos de DRC.\\r\\n\\u00b7 O estudo apoia o potencial do monitoramento passivo em casa para complementar o cuidado veterin\\u00e1rio ao revelar padr\\u00f5es que podem justificar exames de acompanhamento.\\r\\n\\&quot;A doen\\u00e7a renal cr\\u00f4nica \\u00e9 comum em gatos idosos, mas pode ser desafiador para os respons\\u00e1veis pets reconhecerem seus sinais iniciais, j\\u00e1 que as mudan\\u00e7as podem ser graduais e f\\u00e1ceis de passar despercebidas no dia a dia\\&quot;, disse Ragen McGowan, PhD, da Nestl\\u00e9 Purina PetCare Global Research \\u0026amp; Development. \\&quot;Ao monitorar passivamente em casa o comportamento de elimina\\u00e7\\u00e3o e os padr\\u00f5es de peso corporal, podemos identificar tend\\u00eancias que podem sinalizar a necessidade de avalia\\u00e7\\u00e3o veterin\\u00e1ria e testes diagn\\u00f3sticos. Esse tipo de dado cont\\u00ednuo e objetivo tem o potencial de complementar a rotina de cuidado e n\\u00e3o substitu\\u00ed-lo, ao incentivar os respons\\u00e1veis a terem conversas mais precoces com seus m\\u00e9dicos-veterin\\u00e1rios e a fazerem acompanhamento quando o padr\\u00e3o do gato mudar.\\&quot;\\r\\nPara obter mais informa\\u00e7\\u00f5es sobre doen\\u00e7a renal cr\\u00f4nica, acesse www.purinainstitute.com\/pt-br.\\r\\nA Nestl\\u00e9 Purina PetCare Global R\\u0026amp;D promove a ci\\u00eancia da nutri\\u00e7\\u00e3o de pets por meio de pesquisa, inova\\u00e7\\u00e3o e colabora\\u00e7\\u00e3o para melhorar a sa\\u00fade e o bem-estar dos pets em todo o mundo.\\r\\nObserva\\u00e7\\u00e3o importanteO monitoramento por caixa de areia inteligente n\\u00e3o \\u00e9 uma ferramenta diagn\\u00f3stica. Os autores enfatizam que alertas e mudan\\u00e7as de tend\\u00eancia nos dados devem ser interpretados no contexto e discutidos com um m\\u00e9dico-veterin\\u00e1rio, que pode recomendar testes confirmat\\u00f3rios e avalia\\u00e7\\u00e3o cl\\u00ednica.\\r\\nPublica\\u00e7\\u00e3oLangenfield-McCoy, N., Snow, L., Gordon, H., George, Z., Quimby, J., Arndt, O., Thomas, S., Schoeneck, N., \\u0026amp; McGowan, R. T. S. (2026). Enhancing detection of chronic kidney disease through smart litter box monitoring. Animals, 16(9), 1319. https:\/\/doi.org\/10.3390\/ani16091319\\r\\nEnhancing Detection of Feline Chronic Kidney Disease Through Smart Litter Box Monitoring\\r\\nRefer\\u00eancia\\u00b7 George, Z. M., Quimby, J. M., Jones, S., Brusach, K. B., \\u0026amp; Rudinsky, A. J. (2025). Quantification of defecation frequency in cats with and without chronic kidney disease. Journal of Feline Medicine and Surgery, 27(7). doi:10.1177\/1098612X251348011.\\r\\nSobre o Purina InstituteO Purina Institute dedica-se a transformar a ci\\u00eancia da nutri\\u00e7\\u00e3o em informa\\u00e7\\u00f5es acion\\u00e1veis que profissionais veterin\\u00e1rios podem colocar em pr\\u00e1tica em benef\\u00edcio de seus pacientes. Por meio dos amplos recursos online, publica\\u00e7\\u00f5es e programas cient\\u00edficos do Purina Institute, m\\u00e9dicos-veterin\\u00e1rios e membros da equipe podem se munir de informa\\u00e7\\u00f5es imparciais e baseadas em ci\\u00eancia de que precisam para ajudar os pets a viverem vidas mais longas e melhores.\\r\\n\\r\\n View original content to download multimedia:https:\/\/www.prnewswire.com\/br\/comunicados-para-a-imprensa\/padroes-da-eliminacao-associados-a-doenca-renal-felina--foram-demonstrados-por-meio-de-monitor-inteligente-de-caixa-de-areia-302865020.html\\r\\nFONTE Purina Institute&quot;,&quot;created_timestamp&quot;:&quot;1788170280&quot;,&quot;copyright&quot;:&quot;&quot;,&quot;focal_length&quot;:&quot;0&quot;,&quot;iso&quot;:&quot;0&quot;,&quot;shutter_speed&quot;:&quot;0&quot;,&quot;title&quot;:&quot;Padr\\u00f5es da elimina\\u00e7\\u00e3o associados \\u00e0 doen\\u00e7a renal felina  foram demonstrados por meio de monitor inteligente de caixa de areia&quot;,&quot;orientation&quot;:&quot;0&quot;,&quot;alt&quot;:&quot;&quot;}\" data-image-title=\"Imagen-\" data-image-description=\"\" data-image-caption=\"\" data-large-file=\"https:\/\/efecomunica.efe.com\/wp-content\/uploads\/2026\/08\/rss-efed07ca016be202e1094c4e96ce56d385e93a21acew-1024x684.jpg\" \/><\/div><\/a>\n\t\t\t\t<div class=\"elementor-post__badge\">PR Newswire<\/div>\n\t\t\t\t<div class=\"elementor-post__text\">\n\t\t\t\t<h2 class=\"elementor-post__title\">\n\t\t\t<a href=\"https:\/\/efecomunica.efe.com\/pt-pt\/padroes-da-eliminacao-associados-a-doenca-renal-felina-foram-demonstrados-por-meio-de-monitor-inteligente-de-caixa-de-areia\/\" >\n\t\t\t\tPadr\u00f5es da elimina\u00e7\u00e3o associados \u00e0 doen\u00e7a renal felina  foram demonstrados por meio de monitor inteligente de caixa de areia\t\t\t<\/a>\n\t\t<\/h2>\n\t\t\t\t<div class=\"elementor-post__excerpt\">\n\t\t\t<p>(Informa\u00e7\u00e3o concedida pela entidade que a assina) Nova publica\u00e7\u00e3o demonstra como o monitoramento passivo em casa pode apoiar o reconhecimento mais precoce da doen\u00e7a renal<\/p>\n\t\t<\/div>\n\t\t\n\t\t<a class=\"elementor-post__read-more\" href=\"https:\/\/efecomunica.efe.com\/pt-pt\/padroes-da-eliminacao-associados-a-doenca-renal-felina-foram-demonstrados-por-meio-de-monitor-inteligente-de-caixa-de-areia\/\" aria-label=\"Read more about Padr\u00f5es da elimina\u00e7\u00e3o associados \u00e0 doen\u00e7a renal felina  foram demonstrados por meio de monitor inteligente de caixa de areia\" tabindex=\"-1\" >\n\t\t\tLer mais \u00bb\t\t<\/a>\n\n\t\t\t\t<\/div>\n\t\t\t\t<div class=\"elementor-post__meta-data\">\n\t\t\t\t\t<span class=\"elementor-post-date\">\n\t\t\t31 de Agosto de 2026\t\t<\/span>\n\t\t\t\t<\/div>\n\t\t\t\t\t<\/div>\n\t\t<\/article>\n\t\t\t\t<article class=\"elementor-post elementor-grid-item post-242416 post type-post status-publish format-standard has-post-thumbnail hentry category-pr-newswire-pt-pt\" role=\"listitem\">\n\t\t\t<div class=\"elementor-post__card\">\n\t\t\t\t<a class=\"elementor-post__thumbnail__link\" href=\"https:\/\/efecomunica.efe.com\/pt-pt\/dogo-power-impulsiona-novos-sistemas-de-energia-com-ia-e-armazenamento-de-energia-com-formacao-de-rede\/\" tabindex=\"-1\" ><div class=\"elementor-post__thumbnail\"><img loading=\"lazy\" decoding=\"async\" width=\"1920\" height=\"1080\" src=\"https:\/\/efecomunica.efe.com\/wp-content\/uploads\/2026\/08\/rss-efe2b5c47796dd68533af357a6cd2f0a8bb6656deb0w.jpg\" class=\"attachment-full size-full wp-image-242426\" alt=\"\" srcset=\"https:\/\/efecomunica.efe.com\/wp-content\/uploads\/2026\/08\/rss-efe2b5c47796dd68533af357a6cd2f0a8bb6656deb0w.jpg 1920w, https:\/\/efecomunica.efe.com\/wp-content\/uploads\/2026\/08\/rss-efe2b5c47796dd68533af357a6cd2f0a8bb6656deb0w-300x169.jpg 300w, https:\/\/efecomunica.efe.com\/wp-content\/uploads\/2026\/08\/rss-efe2b5c47796dd68533af357a6cd2f0a8bb6656deb0w-1024x576.jpg 1024w, https:\/\/efecomunica.efe.com\/wp-content\/uploads\/2026\/08\/rss-efe2b5c47796dd68533af357a6cd2f0a8bb6656deb0w-768x432.jpg 768w, https:\/\/efecomunica.efe.com\/wp-content\/uploads\/2026\/08\/rss-efe2b5c47796dd68533af357a6cd2f0a8bb6656deb0w-1120x630.jpg 1120w, https:\/\/efecomunica.efe.com\/wp-content\/uploads\/2026\/08\/rss-efe2b5c47796dd68533af357a6cd2f0a8bb6656deb0w-1536x864.jpg 1536w, https:\/\/efecomunica.efe.com\/wp-content\/uploads\/2026\/08\/rss-efe2b5c47796dd68533af357a6cd2f0a8bb6656deb0w-430x242.jpg 430w, https:\/\/efecomunica.efe.com\/wp-content\/uploads\/2026\/08\/rss-efe2b5c47796dd68533af357a6cd2f0a8bb6656deb0w-1200x675.jpg 1200w\" sizes=\"(max-width: 1920px) 100vw, 1920px\" data-attachment-id=\"242426\" data-permalink=\"https:\/\/efecomunica.efe.com\/pt-pt\/dogo-power-impulsiona-novos-sistemas-de-energia-com-ia-e-armazenamento-de-energia-com-formacao-de-rede\/imagen-5770\/\" data-orig-file=\"https:\/\/efecomunica.efe.com\/wp-content\/uploads\/2026\/08\/rss-efe2b5c47796dd68533af357a6cd2f0a8bb6656deb0w.jpg\" data-orig-size=\"1920,1080\" data-comments-opened=\"0\" data-image-meta=\"{&quot;aperture&quot;:&quot;0&quot;,&quot;credit&quot;:&quot;EFE&quot;,&quot;camera&quot;:&quot;&quot;,&quot;caption&quot;:&quot;DoGo Power impulsiona novos sistemas de energia com IA e armazenamento de energia com forma\\u00e7\\u00e3o de rede\\r\\nPR Newswire\\r\\nS\\u00c3O PAULO, 31 de agosto de 2026\\r\\nS\\u00c3O PAULO, 31 de agosto de 2026 \/PRNewswire\/ -- A Intersolar South America 2026, uma das principais feiras e confer\\u00eancias do setor solar na Am\\u00e9rica Latina, aconteceu em S\\u00e3o Paulo de 25 a 27 de agosto. Durante o evento, a DoGo participou de uma mesa-redonda organizada em conjunto pela EUPD Research e pela Intersolar, onde compartilharam informa\\u00e7\\u00f5es sobre a tecnologia de armazenamento de energia para forma\\u00e7\\u00e3o de redes el\\u00e9tricas e a evolu\\u00e7\\u00e3o dos sistemas de energia de pr\\u00f3xima gera\\u00e7\\u00e3o.\\r\\nDurante a mesa-redonda, a DoGo destacou que, \\u00e0 medida que a participa\\u00e7\\u00e3o das energias renov\\u00e1veis aumenta, o papel do armazenamento de energia precisa evoluir para al\\u00e9m do simples armazenamento e fornecimento de eletricidade. O armazenamento est\\u00e1 se tornando uma infraestrutura de energia essencial, capaz de apoiar ativamente a rede e aumentar a resili\\u00eancia geral do sistema.\\r\\nA DoGo Power \\u00e9 uma empresa inovadora especializada em armazenamento de energia em escala de rede, com capacidade de forma\\u00e7\\u00e3o de redes el\\u00e9tricas, e nas principais tecnologias necess\\u00e1rias para os sistemas de energia de pr\\u00f3xima gera\\u00e7\\u00e3o. Ao combinar IA com tecnologia de armazenamento de energia para forma\\u00e7\\u00e3o de redes, a DoGo est\\u00e1 transformando o armazenamento de energia de um ativo de fun\\u00e7\\u00e3o \\u00fanica em infraestrutura inteligente para forma\\u00e7\\u00e3o de redes, que apoia o desenvolvimento de um sistema de energia inteligente e coordenado do tipo \\&quot;fonte-rede-carga-armazenamento\\&quot;.\\r\\nA DoGo est\\u00e1 empenhada em impulsionar o setor, aproveitando o poder da IA e da tecnologia de forma\\u00e7\\u00e3o de redes. Ao integrar os quatro sistemas principais \\u0097 Sistema de Gerenciamento de Energia (EMS), Sistema de Gerenciamento de Pot\\u00eancia (PMS), Sistema de Convers\\u00e3o de Pot\\u00eancia (PCS) e Sistema de Gerenciamento de Bateria (BMS) \\u0097 a DoGo desenvolveu a arquitetura pioneira de Energia Definida por Software (SDE) do setor. Por meio do SDE, a DoGo est\\u00e1 redefinindo os sistemas de armazenamento de energia em escala de rede, proporcionando maior estabilidade, efici\\u00eancia e custo-benef\\u00edcio para sistemas de energia predominantemente renov\\u00e1veis. A DoGo est\\u00e1 desenvolvendo solu\\u00e7\\u00f5es inteligentes de energia solar com armazenamento de energia, que s\\u00e3o seguras, de alta qualidade, confi\\u00e1veis e projetadas para criar valor a longo prazo para os clientes.\\r\\nAo mesmo tempo, a DoGo foi reconhecida mais uma vez por sua inova\\u00e7\\u00e3o tecnol\\u00f3gica, recebendo o Pr\\u00eamio Top Innovation Award Brazil da EUPD Research por sua tecnologia central: a arquitetura 4S, desenvolvida inteiramente internamente. Isso demonstra ainda mais as capacidades tecnol\\u00f3gicas da DoGo e sua crescente influ\\u00eancia no mercado latino-americano.\\r\\nOlhando para o futuro, a DoGo mant\\u00e9m o seu compromisso com a miss\\u00e3o de \\&quot;Iluminar o Mundo\\&quot;. Ao transformar o armazenamento de energia de ativos de fun\\u00e7\\u00e3o \\u00fanica em infraestrutura inteligente formadora de redes, a DoGo visa viabilizar uma nova gera\\u00e7\\u00e3o de sistemas de energia por meio da intelig\\u00eancia coordenada entre fonte-rede-carga-armazenamento.\\r\\n View original content to download multimedia:https:\/\/www.prnewswire.com\/br\/comunicados-para-a-imprensa\/dogo-power-impulsiona-novos-sistemas-de-energia-com-ia-e-armazenamento-de-energia-com-formacao-de-rede-302865017.html\\r\\nFONTE DoGo Power&quot;,&quot;created_timestamp&quot;:&quot;1788170220&quot;,&quot;copyright&quot;:&quot;&quot;,&quot;focal_length&quot;:&quot;0&quot;,&quot;iso&quot;:&quot;0&quot;,&quot;shutter_speed&quot;:&quot;0&quot;,&quot;title&quot;:&quot;DoGo Power impulsiona novos sistemas de energia com IA e armazenamento de energia com forma\\u00e7\\u00e3o de rede&quot;,&quot;orientation&quot;:&quot;0&quot;,&quot;alt&quot;:&quot;&quot;}\" data-image-title=\"Imagen-\" data-image-description=\"\" data-image-caption=\"\" data-large-file=\"https:\/\/efecomunica.efe.com\/wp-content\/uploads\/2026\/08\/rss-efe2b5c47796dd68533af357a6cd2f0a8bb6656deb0w-1024x576.jpg\" \/><\/div><\/a>\n\t\t\t\t<div class=\"elementor-post__badge\">PR Newswire<\/div>\n\t\t\t\t<div class=\"elementor-post__text\">\n\t\t\t\t<h2 class=\"elementor-post__title\">\n\t\t\t<a href=\"https:\/\/efecomunica.efe.com\/pt-pt\/dogo-power-impulsiona-novos-sistemas-de-energia-com-ia-e-armazenamento-de-energia-com-formacao-de-rede\/\" >\n\t\t\t\tDoGo Power impulsiona novos sistemas de energia com IA e armazenamento de energia com forma\u00e7\u00e3o de rede\t\t\t<\/a>\n\t\t<\/h2>\n\t\t\t\t<div class=\"elementor-post__excerpt\">\n\t\t\t<p>(Informa\u00e7\u00e3o concedida pela entidade que a assina) A Intersolar South America 2026, uma das principais feiras e confer\u00eancias do setor solar na Am\u00e9rica Latina, aconteceu<\/p>\n\t\t<\/div>\n\t\t\n\t\t<a class=\"elementor-post__read-more\" href=\"https:\/\/efecomunica.efe.com\/pt-pt\/dogo-power-impulsiona-novos-sistemas-de-energia-com-ia-e-armazenamento-de-energia-com-formacao-de-rede\/\" aria-label=\"Read more about DoGo Power impulsiona novos sistemas de energia com IA e armazenamento de energia com forma\u00e7\u00e3o de rede\" tabindex=\"-1\" >\n\t\t\tLer mais \u00bb\t\t<\/a>\n\n\t\t\t\t<\/div>\n\t\t\t\t<div class=\"elementor-post__meta-data\">\n\t\t\t\t\t<span class=\"elementor-post-date\">\n\t\t\t31 de Agosto de 2026\t\t<\/span>\n\t\t\t\t<\/div>\n\t\t\t\t\t<\/div>\n\t\t<\/article>\n\t\t\t\t<article class=\"elementor-post elementor-grid-item post-242368 post type-post status-publish format-standard has-post-thumbnail hentry category-globenewswire-pt-pt\" role=\"listitem\">\n\t\t\t<div class=\"elementor-post__card\">\n\t\t\t\t<a class=\"elementor-post__thumbnail__link\" href=\"https:\/\/efecomunica.efe.com\/pt-pt\/futurionex-anuncia-atualizacao-estrategica-global-e-avanca-para-uma-nova-fase-de-negociacao-de-cfds-multiativos\/\" tabindex=\"-1\" ><div class=\"elementor-post__thumbnail\"><img fetchpriority=\"high\" decoding=\"async\" width=\"1200\" height=\"650\" src=\"https:\/\/efecomunica.efe.com\/wp-content\/uploads\/2022\/10\/Notified-GlobeNewswire-Color-Large-1.jpg\" class=\"attachment-full size-full wp-image-48434\" alt=\"Tealium\" srcset=\"https:\/\/efecomunica.efe.com\/wp-content\/uploads\/2022\/10\/Notified-GlobeNewswire-Color-Large-1.jpg 1200w, https:\/\/efecomunica.efe.com\/wp-content\/uploads\/2022\/10\/Notified-GlobeNewswire-Color-Large-1-300x163.jpg 300w, https:\/\/efecomunica.efe.com\/wp-content\/uploads\/2022\/10\/Notified-GlobeNewswire-Color-Large-1-1024x555.jpg 1024w, https:\/\/efecomunica.efe.com\/wp-content\/uploads\/2022\/10\/Notified-GlobeNewswire-Color-Large-1-768x416.jpg 768w, https:\/\/efecomunica.efe.com\/wp-content\/uploads\/2022\/10\/Notified-GlobeNewswire-Color-Large-1-1120x607.jpg 1120w, https:\/\/efecomunica.efe.com\/wp-content\/uploads\/2022\/10\/Notified-GlobeNewswire-Color-Large-1-430x233.jpg 430w\" sizes=\"(max-width: 1200px) 100vw, 1200px\" data-attachment-id=\"48434\" data-permalink=\"https:\/\/efecomunica.efe.com\/pt-pt\/notified-globenewswire-color-large\/notified-globenewswire-color-large-2\/\" data-orig-file=\"https:\/\/efecomunica.efe.com\/wp-content\/uploads\/2022\/10\/Notified-GlobeNewswire-Color-Large-1.jpg\" data-orig-size=\"1200,650\" data-comments-opened=\"0\" data-image-meta=\"{&quot;aperture&quot;:&quot;0&quot;,&quot;credit&quot;:&quot;&quot;,&quot;camera&quot;:&quot;&quot;,&quot;caption&quot;:&quot;&quot;,&quot;created_timestamp&quot;:&quot;0&quot;,&quot;copyright&quot;:&quot;&quot;,&quot;focal_length&quot;:&quot;0&quot;,&quot;iso&quot;:&quot;0&quot;,&quot;shutter_speed&quot;:&quot;0&quot;,&quot;title&quot;:&quot;&quot;,&quot;orientation&quot;:&quot;1&quot;}\" data-image-title=\"Chivas Regal today announces the global launch of its groundbreaking spirit innovation, Chivas Regal Crystalgold.\" data-image-description=\"&lt;p&gt;El \u00edndice Moneyball de Squawka clasifica a los clubes de la Premier League tomando en cuenta las \u00faltimas cinco temporadas (incluida la 2025\/26).&lt;\/p&gt;\n\" data-image-caption=\"\" data-large-file=\"https:\/\/efecomunica.efe.com\/wp-content\/uploads\/2022\/10\/Notified-GlobeNewswire-Color-Large-1-1024x555.jpg\" \/><\/div><\/a>\n\t\t\t\t<div class=\"elementor-post__badge\">Globenewswire<\/div>\n\t\t\t\t<div class=\"elementor-post__text\">\n\t\t\t\t<h2 class=\"elementor-post__title\">\n\t\t\t<a href=\"https:\/\/efecomunica.efe.com\/pt-pt\/futurionex-anuncia-atualizacao-estrategica-global-e-avanca-para-uma-nova-fase-de-negociacao-de-cfds-multiativos\/\" >\n\t\t\t\tFuturionex anuncia atualiza\u00e7\u00e3o estrat\u00e9gica global e avan\u00e7a para uma nova fase de negocia\u00e7\u00e3o de CFDs multiativos\t\t\t<\/a>\n\t\t<\/h2>\n\t\t\t\t<div class=\"elementor-post__excerpt\">\n\t\t\t<p>(Informa\u00e7\u00e3o concedida pela entidade que a assina) &nbsp; Recentemente, a Futurionex anunciou uma atualiza\u00e7\u00e3o estrat\u00e9gica global para expandir suas opera\u00e7\u00f5es, passando de uma atua\u00e7\u00e3o focada<\/p>\n\t\t<\/div>\n\t\t\n\t\t<a class=\"elementor-post__read-more\" href=\"https:\/\/efecomunica.efe.com\/pt-pt\/futurionex-anuncia-atualizacao-estrategica-global-e-avanca-para-uma-nova-fase-de-negociacao-de-cfds-multiativos\/\" aria-label=\"Read more about Futurionex anuncia atualiza\u00e7\u00e3o estrat\u00e9gica global e avan\u00e7a para uma nova fase de negocia\u00e7\u00e3o de CFDs multiativos\" tabindex=\"-1\" >\n\t\t\tLer mais \u00bb\t\t<\/a>\n\n\t\t\t\t<\/div>\n\t\t\t\t<div class=\"elementor-post__meta-data\">\n\t\t\t\t\t<span class=\"elementor-post-date\">\n\t\t\t31 de Agosto de 2026\t\t<\/span>\n\t\t\t\t<\/div>\n\t\t\t\t\t<\/div>\n\t\t<\/article>\n\t\t\t\t<article class=\"elementor-post elementor-grid-item post-242340 post type-post status-publish format-standard has-post-thumbnail hentry category-globenewswire-pt-pt\" role=\"listitem\">\n\t\t\t<div class=\"elementor-post__card\">\n\t\t\t\t<a class=\"elementor-post__thumbnail__link\" href=\"https:\/\/efecomunica.efe.com\/pt-pt\/jetour-t2-enfrenta-desafios-no-brasil-em-teste-off-road-real\/\" tabindex=\"-1\" ><div class=\"elementor-post__thumbnail\"><img fetchpriority=\"high\" decoding=\"async\" width=\"1200\" height=\"650\" src=\"https:\/\/efecomunica.efe.com\/wp-content\/uploads\/2022\/10\/Notified-GlobeNewswire-Color-Large-1.jpg\" class=\"attachment-full size-full wp-image-48434\" alt=\"Tealium\" srcset=\"https:\/\/efecomunica.efe.com\/wp-content\/uploads\/2022\/10\/Notified-GlobeNewswire-Color-Large-1.jpg 1200w, https:\/\/efecomunica.efe.com\/wp-content\/uploads\/2022\/10\/Notified-GlobeNewswire-Color-Large-1-300x163.jpg 300w, https:\/\/efecomunica.efe.com\/wp-content\/uploads\/2022\/10\/Notified-GlobeNewswire-Color-Large-1-1024x555.jpg 1024w, https:\/\/efecomunica.efe.com\/wp-content\/uploads\/2022\/10\/Notified-GlobeNewswire-Color-Large-1-768x416.jpg 768w, https:\/\/efecomunica.efe.com\/wp-content\/uploads\/2022\/10\/Notified-GlobeNewswire-Color-Large-1-1120x607.jpg 1120w, https:\/\/efecomunica.efe.com\/wp-content\/uploads\/2022\/10\/Notified-GlobeNewswire-Color-Large-1-430x233.jpg 430w\" sizes=\"(max-width: 1200px) 100vw, 1200px\" data-attachment-id=\"48434\" data-permalink=\"https:\/\/efecomunica.efe.com\/pt-pt\/notified-globenewswire-color-large\/notified-globenewswire-color-large-2\/\" data-orig-file=\"https:\/\/efecomunica.efe.com\/wp-content\/uploads\/2022\/10\/Notified-GlobeNewswire-Color-Large-1.jpg\" data-orig-size=\"1200,650\" data-comments-opened=\"0\" data-image-meta=\"{&quot;aperture&quot;:&quot;0&quot;,&quot;credit&quot;:&quot;&quot;,&quot;camera&quot;:&quot;&quot;,&quot;caption&quot;:&quot;&quot;,&quot;created_timestamp&quot;:&quot;0&quot;,&quot;copyright&quot;:&quot;&quot;,&quot;focal_length&quot;:&quot;0&quot;,&quot;iso&quot;:&quot;0&quot;,&quot;shutter_speed&quot;:&quot;0&quot;,&quot;title&quot;:&quot;&quot;,&quot;orientation&quot;:&quot;1&quot;}\" data-image-title=\"Chivas Regal today announces the global launch of its groundbreaking spirit innovation, Chivas Regal Crystalgold.\" data-image-description=\"&lt;p&gt;El \u00edndice Moneyball de Squawka clasifica a los clubes de la Premier League tomando en cuenta las \u00faltimas cinco temporadas (incluida la 2025\/26).&lt;\/p&gt;\n\" data-image-caption=\"\" data-large-file=\"https:\/\/efecomunica.efe.com\/wp-content\/uploads\/2022\/10\/Notified-GlobeNewswire-Color-Large-1-1024x555.jpg\" \/><\/div><\/a>\n\t\t\t\t<div class=\"elementor-post__badge\">Globenewswire<\/div>\n\t\t\t\t<div class=\"elementor-post__text\">\n\t\t\t\t<h2 class=\"elementor-post__title\">\n\t\t\t<a href=\"https:\/\/efecomunica.efe.com\/pt-pt\/jetour-t2-enfrenta-desafios-no-brasil-em-teste-off-road-real\/\" >\n\t\t\t\tJETOUR T2 enfrenta desafios no Brasil em teste off-road real\t\t\t<\/a>\n\t\t<\/h2>\n\t\t\t\t<div class=\"elementor-post__excerpt\">\n\t\t\t<p>(Informa\u00e7\u00e3o concedida pela entidade que a assina) A influenciadora automotiva Supercar Blondie contou com a nova apresentadora Chloe para fazer um teste off-road real do<\/p>\n\t\t<\/div>\n\t\t\n\t\t<a class=\"elementor-post__read-more\" href=\"https:\/\/efecomunica.efe.com\/pt-pt\/jetour-t2-enfrenta-desafios-no-brasil-em-teste-off-road-real\/\" aria-label=\"Read more about JETOUR T2 enfrenta desafios no Brasil em teste off-road real\" tabindex=\"-1\" >\n\t\t\tLer mais \u00bb\t\t<\/a>\n\n\t\t\t\t<\/div>\n\t\t\t\t<div class=\"elementor-post__meta-data\">\n\t\t\t\t\t<span class=\"elementor-post-date\">\n\t\t\t31 de Agosto de 2026\t\t<\/span>\n\t\t\t\t<\/div>\n\t\t\t\t\t<\/div>\n\t\t<\/article>\n\t\t\t\t<article class=\"elementor-post elementor-grid-item post-242325 post type-post status-publish format-standard has-post-thumbnail hentry category-globenewswire-pt-pt\" role=\"listitem\">\n\t\t\t<div class=\"elementor-post__card\">\n\t\t\t\t<a class=\"elementor-post__thumbnail__link\" href=\"https:\/\/efecomunica.efe.com\/pt-pt\/programa-de-financiamento-lily-da-coventry-alcanca-us-1-bilhao-em-financiamento-lastreado-em-seguros-de-vida\/\" tabindex=\"-1\" ><div class=\"elementor-post__thumbnail\"><img fetchpriority=\"high\" decoding=\"async\" width=\"1200\" height=\"650\" src=\"https:\/\/efecomunica.efe.com\/wp-content\/uploads\/2022\/10\/Notified-GlobeNewswire-Color-Large-1.jpg\" class=\"attachment-full size-full wp-image-48434\" alt=\"Tealium\" srcset=\"https:\/\/efecomunica.efe.com\/wp-content\/uploads\/2022\/10\/Notified-GlobeNewswire-Color-Large-1.jpg 1200w, https:\/\/efecomunica.efe.com\/wp-content\/uploads\/2022\/10\/Notified-GlobeNewswire-Color-Large-1-300x163.jpg 300w, https:\/\/efecomunica.efe.com\/wp-content\/uploads\/2022\/10\/Notified-GlobeNewswire-Color-Large-1-1024x555.jpg 1024w, https:\/\/efecomunica.efe.com\/wp-content\/uploads\/2022\/10\/Notified-GlobeNewswire-Color-Large-1-768x416.jpg 768w, https:\/\/efecomunica.efe.com\/wp-content\/uploads\/2022\/10\/Notified-GlobeNewswire-Color-Large-1-1120x607.jpg 1120w, https:\/\/efecomunica.efe.com\/wp-content\/uploads\/2022\/10\/Notified-GlobeNewswire-Color-Large-1-430x233.jpg 430w\" sizes=\"(max-width: 1200px) 100vw, 1200px\" data-attachment-id=\"48434\" data-permalink=\"https:\/\/efecomunica.efe.com\/pt-pt\/notified-globenewswire-color-large\/notified-globenewswire-color-large-2\/\" data-orig-file=\"https:\/\/efecomunica.efe.com\/wp-content\/uploads\/2022\/10\/Notified-GlobeNewswire-Color-Large-1.jpg\" data-orig-size=\"1200,650\" data-comments-opened=\"0\" data-image-meta=\"{&quot;aperture&quot;:&quot;0&quot;,&quot;credit&quot;:&quot;&quot;,&quot;camera&quot;:&quot;&quot;,&quot;caption&quot;:&quot;&quot;,&quot;created_timestamp&quot;:&quot;0&quot;,&quot;copyright&quot;:&quot;&quot;,&quot;focal_length&quot;:&quot;0&quot;,&quot;iso&quot;:&quot;0&quot;,&quot;shutter_speed&quot;:&quot;0&quot;,&quot;title&quot;:&quot;&quot;,&quot;orientation&quot;:&quot;1&quot;}\" data-image-title=\"Chivas Regal today announces the global launch of its groundbreaking spirit innovation, Chivas Regal Crystalgold.\" data-image-description=\"&lt;p&gt;El \u00edndice Moneyball de Squawka clasifica a los clubes de la Premier League tomando en cuenta las \u00faltimas cinco temporadas (incluida la 2025\/26).&lt;\/p&gt;\n\" data-image-caption=\"\" data-large-file=\"https:\/\/efecomunica.efe.com\/wp-content\/uploads\/2022\/10\/Notified-GlobeNewswire-Color-Large-1-1024x555.jpg\" \/><\/div><\/a>\n\t\t\t\t<div class=\"elementor-post__badge\">Globenewswire<\/div>\n\t\t\t\t<div class=\"elementor-post__text\">\n\t\t\t\t<h2 class=\"elementor-post__title\">\n\t\t\t<a href=\"https:\/\/efecomunica.efe.com\/pt-pt\/programa-de-financiamento-lily-da-coventry-alcanca-us-1-bilhao-em-financiamento-lastreado-em-seguros-de-vida\/\" >\n\t\t\t\tPrograma de financiamento LILY da Coventry alcan\u00e7a US$ 1 bilh\u00e3o em financiamento lastreado em seguros de vida\t\t\t<\/a>\n\t\t<\/h2>\n\t\t\t\t<div class=\"elementor-post__excerpt\">\n\t\t\t<p>(Informa\u00e7\u00e3o concedida pela entidade que a assina) A Coventry, l\u00edder e criadora do mercado secund\u00e1rio de seguros de vida e pioneira da classe de ativos<\/p>\n\t\t<\/div>\n\t\t\n\t\t<a class=\"elementor-post__read-more\" href=\"https:\/\/efecomunica.efe.com\/pt-pt\/programa-de-financiamento-lily-da-coventry-alcanca-us-1-bilhao-em-financiamento-lastreado-em-seguros-de-vida\/\" aria-label=\"Read more about Programa de financiamento LILY da Coventry alcan\u00e7a US$ 1 bilh\u00e3o em financiamento lastreado em seguros de vida\" tabindex=\"-1\" >\n\t\t\tLer mais \u00bb\t\t<\/a>\n\n\t\t\t\t<\/div>\n\t\t\t\t<div class=\"elementor-post__meta-data\">\n\t\t\t\t\t<span class=\"elementor-post-date\">\n\t\t\t29 de Agosto de 2026\t\t<\/span>\n\t\t\t\t<\/div>\n\t\t\t\t\t<\/div>\n\t\t<\/article>\n\t\t\t\t<article class=\"elementor-post elementor-grid-item post-242304 post type-post status-publish format-standard has-post-thumbnail hentry category-pr-newswire-pt-pt\" role=\"listitem\">\n\t\t\t<div class=\"elementor-post__card\">\n\t\t\t\t<a class=\"elementor-post__thumbnail__link\" href=\"https:\/\/efecomunica.efe.com\/pt-pt\/catl-anuncia-parceria-local-e-apresenta-solucoes-de-armazenamento-de-cadeia-completa-no-the-smarter-e-south-america-2026\/\" tabindex=\"-1\" ><div class=\"elementor-post__thumbnail\"><img loading=\"lazy\" decoding=\"async\" width=\"1920\" height=\"1282\" src=\"https:\/\/efecomunica.efe.com\/wp-content\/uploads\/2026\/08\/rss-efec6a550ef5a54550c207d2182f2b45d0a4d809ed8w.jpg\" class=\"attachment-full size-full wp-image-242305\" alt=\"\" srcset=\"https:\/\/efecomunica.efe.com\/wp-content\/uploads\/2026\/08\/rss-efec6a550ef5a54550c207d2182f2b45d0a4d809ed8w.jpg 1920w, https:\/\/efecomunica.efe.com\/wp-content\/uploads\/2026\/08\/rss-efec6a550ef5a54550c207d2182f2b45d0a4d809ed8w-300x200.jpg 300w, https:\/\/efecomunica.efe.com\/wp-content\/uploads\/2026\/08\/rss-efec6a550ef5a54550c207d2182f2b45d0a4d809ed8w-1024x684.jpg 1024w, https:\/\/efecomunica.efe.com\/wp-content\/uploads\/2026\/08\/rss-efec6a550ef5a54550c207d2182f2b45d0a4d809ed8w-768x513.jpg 768w, https:\/\/efecomunica.efe.com\/wp-content\/uploads\/2026\/08\/rss-efec6a550ef5a54550c207d2182f2b45d0a4d809ed8w-1120x748.jpg 1120w, https:\/\/efecomunica.efe.com\/wp-content\/uploads\/2026\/08\/rss-efec6a550ef5a54550c207d2182f2b45d0a4d809ed8w-1536x1026.jpg 1536w, https:\/\/efecomunica.efe.com\/wp-content\/uploads\/2026\/08\/rss-efec6a550ef5a54550c207d2182f2b45d0a4d809ed8w-428x286.jpg 428w, https:\/\/efecomunica.efe.com\/wp-content\/uploads\/2026\/08\/rss-efec6a550ef5a54550c207d2182f2b45d0a4d809ed8w-1200x801.jpg 1200w\" sizes=\"(max-width: 1920px) 100vw, 1920px\" data-attachment-id=\"242305\" data-permalink=\"https:\/\/efecomunica.efe.com\/pt-pt\/catl-anuncia-parceria-local-e-apresenta-solucoes-de-armazenamento-de-cadeia-completa-no-the-smarter-e-south-america-2026\/imagen-5767\/\" data-orig-file=\"https:\/\/efecomunica.efe.com\/wp-content\/uploads\/2026\/08\/rss-efec6a550ef5a54550c207d2182f2b45d0a4d809ed8w.jpg\" data-orig-size=\"1920,1282\" data-comments-opened=\"0\" data-image-meta=\"{&quot;aperture&quot;:&quot;0&quot;,&quot;credit&quot;:&quot;EFE&quot;,&quot;camera&quot;:&quot;&quot;,&quot;caption&quot;:&quot;CATL anuncia parceria local e apresenta solu\\u00e7\\u00f5es de armazenamento de cadeia completa no The Smarter E South America 2026\\r\\nPR Newswire\\r\\nS\\u00c3O PAULO, 28 de agosto de 2026\\r\\nS\\u00c3O PAULO, 28 de agosto de 2026 \/PRNewswire\/ -- A CATL est\\u00e1 apresentando seu ecossistema completo de armazenamento de energia no evento The Smarter E South America 2026, em S\\u00e3o Paulo, de 25 a 27 de agosto, demonstrando capacidades em toda a cadeia de valor \\u0097 desde P\\u0026amp;D de c\\u00e9lulas e gest\\u00e3o de energia at\\u00e9 a entrega de projetos e servi\\u00e7os localizados. No evento, a empresa tamb\\u00e9m anuncia uma parceria estrat\\u00e9gica com a Moura para participar conjuntamente do Leil\\u00e3o de Reserva de Capacidade para Armazenamento de Energia do Brasil, refor\\u00e7ando seu compromisso com um futuro energ\\u00e9tico sustent\\u00e1vel e resiliente no pa\\u00eds.\\r\\nUm portf\\u00f3lio de armazenamento projetado para o cen\\u00e1rio energ\\u00e9tico do Brasil\\r\\nA CATL est\\u00e1 apresentando um amplo portf\\u00f3lio de solu\\u00e7\\u00f5es de armazenamento em grande escala, desenvolvidas sob medida para atender \\u00e0s crescentes necessidades do mercado de energia brasileiro.\\r\\nO TENER S, a solu\\u00e7\\u00e3o de armazenamento de energia de \\u00faltima gera\\u00e7\\u00e3o da CATL, lidera a linha de produtos. Projetado para maximizar o valor dos ativos a longo prazo, ele oferece zero degrada\\u00e7\\u00e3o de capacidade e pot\\u00eancia no primeiro ano de uma vida \\u00fatil de projeto de 20 anos. Seu sistema de resfriamento l\\u00edquido reduz o consumo de energia auxiliar em at\\u00e9 20%, diminuindo os custos operacionais. O TENER S tamb\\u00e9m aumenta a densidade energ\\u00e9tica areal em 30% e reduz a \\u00e1rea ocupada pela planta em 20%, diminuindo os custos de balan\\u00e7o do sistema (BOS). Para o Brasil, onde a instabilidade da rede el\\u00e9trica continua sendo um desafio persistente, o TENER S oferece a capacidade em escala de rede (utility-scale) e a confiabilidade de longo prazo que o pa\\u00eds precisa para a integra\\u00e7\\u00e3o de energias renov\\u00e1veis. O sistema j\\u00e1 foi selecionado para grandes projetos globais, incluindo um projeto de 1,5 GWh na Espanha e uma implanta\\u00e7\\u00e3o apoiada por servi\\u00e7os de longo prazo no projeto Supernode, na Austr\\u00e1lia.\\r\\nPara aplica\\u00e7\\u00f5es de grande porte (utility), comerciais e industriais de alta densidade, o TENER H utiliza c\\u00e9lulas de 575 Ah para armazenar 9.008 kWh por cont\\u00eainer, aumentando o aproveitamento do solo em 45% e reduzindo os custos do projeto onde o terreno tem alto custo. O sistema suporta configura\\u00e7\\u00f5es flex\\u00edveis de 2, 4 e 8 horas: a op\\u00e7\\u00e3o de 2 horas oferece resposta r\\u00e1pida para estabiliza\\u00e7\\u00e3o da rede, enquanto as vers\\u00f5es de 4 e 8 horas atingem at\\u00e9 96,0% de efici\\u00eancia de ida e volta (round-trip efficiency) para maximizar retornos de longa dura\\u00e7\\u00e3o.\\r\\nA CATL tamb\\u00e9m est\\u00e1 apresentando o TENER Sodium no Brasil pela primeira vez. Lan\\u00e7ado recentemente, este sistema integrado de \\u00edons de s\\u00f3dio de 30 MWh oferece vida \\u00fatil de projeto de 20 anos, efici\\u00eancia de ida e volta de 95%, opera\\u00e7\\u00e3o est\\u00e1vel de -20 \\u00b0C a +45 \\u00b0C e certifica\\u00e7\\u00f5es IEC\/UL\/CE. Al\\u00e9m de suas c\\u00e9lulas avan\\u00e7adas, o sistema possui BMS, PCS e gerenciamento t\\u00e9rmico coordenados e otimizados para as caracter\\u00edsticas das baterias de s\\u00f3dio, permitindo r\\u00e1pida implanta\\u00e7\\u00e3o e confiabilidade em n\\u00edvel de planta\/esta\\u00e7\\u00e3o completa (site-level).\\r\\nO TENER Sodium amplia as capacidades de engenharia em n\\u00edvel de planta\/esta\\u00e7\\u00e3o completa (site-level engineering) e de gest\\u00e3o de ativos ao longo de todo o ciclo de vida da CATL para o dom\\u00ednio do \\u00edon de s\\u00f3dio \\u0097 capacidades constru\\u00eddas ao longo de anos de entregas de projetos turnkey em todo o mundo e refor\\u00e7adas pela instala\\u00e7\\u00e3o de testes de esta\\u00e7\\u00e3o completa recentemente inaugurada pela empresa em Xiamen, que valida o desempenho real em conex\\u00e3o com a rede para garantir bancabilidade comprovada (bankable results) desde o primeiro dia. Juntas, essas for\\u00e7as refor\\u00e7am o papel da CATL como fornecedora l\\u00edder e abrangente de solu\\u00e7\\u00f5es de armazenamento de energia.\\r\\nEnraizada no Brasil, construindo parcerias para o longo prazo\\r\\n\\&quot;O compromisso da CATL com o Brasil baseia-se em tr\\u00eas pilares fundamentais: parceria, entrega comprovada e servi\\u00e7o localizado\\&quot;, disse Ray See, presidente executivo da Divis\\u00e3o de Neg\\u00f3cios de Armazenamento de Energia das Am\\u00e9ricas da CATL. \\&quot;Embora ofere\\u00e7amos solu\\u00e7\\u00f5es de armazenamento de n\\u00edvel internacional, nossa miss\\u00e3o mais ampla \\u00e9 construir capacidades autossustent\\u00e1veis no pa\\u00eds. Ao firmar alian\\u00e7as locais profundas, executar com excel\\u00eancia comprovada e capacitar o talento dom\\u00e9stico com a expertise necess\\u00e1ria para assumir a lideran\\u00e7a, estabelecemos um ecossistema de suporte confi\\u00e1vel que permanece ao lado dos nossos parceiros no longo prazo.\\&quot;\\r\\nNo evento, a CATL anuncia uma parceria estrat\\u00e9gica com a Moura, fabricante l\\u00edder de baterias no Brasil, para participa\\u00e7\\u00e3o conjunta no Leil\\u00e3o de Reserva de Capacidade para Armazenamento de Energia (LRCAP 2026 \\u0096 Armazenamento Nacional) promovido pelo Minist\\u00e9rio de Minas e Energia. Esta colabora\\u00e7\\u00e3o combina as solu\\u00e7\\u00f5es avan\\u00e7adas de armazenamento de energia da CATL com o profundo conhecimento local da Moura, com o apoio de um segundo parceiro estrat\\u00e9gico que det\\u00e9m a maior participa\\u00e7\\u00e3o de mercado em PCS\/inversores no pa\\u00eds, visando uma produ\\u00e7\\u00e3o nacionalizada que cumpra os requisitos de conte\\u00fado local do leil\\u00e3o.\\r\\nA parceria se baseia na presen\\u00e7a s\\u00f3lida e crescente da CATL no Brasil, onde a empresa j\\u00e1 det\\u00e9m 45% de participa\\u00e7\\u00e3o de mercado em armazenamento de energia. Seu portf\\u00f3lio de projetos abrange transmiss\\u00e3o de energia, agricultura, log\\u00edstica de cadeia de frio e instala\\u00e7\\u00f5es industriais, incluindo o projeto marcante de Registro. Como o primeiro sistema de armazenamento de energia por bateria em escala de rede (utility-scale) do Brasil no setor de transmiss\\u00e3o, Registro tem apoiado com confiabilidade uma subesta\\u00e7\\u00e3o cr\\u00edtica que atende a 15 cidades e cerca de 2 milh\\u00f5es de habitantes desde sua entrada em opera\\u00e7\\u00e3o em dezembro de 2022.\\r\\nO compromisso local da CATL se estende por todo o ciclo de vida de seus ativos de armazenamento. Sua rede de servi\\u00e7os na Am\\u00e9rica do Sul inclui cinco especialistas s\\u00eaniores em armazenamento e mais de 140 engenheiros certificados, permitindo uma estrutura de resposta em n\\u00edveis: suporte remoto em uma hora, envio de equipe t\\u00e9cnica ao local em dois dias e escalonamento para especialistas inter-regionais em cinco dias. O estoque regional dedicado, respaldado por quatro armaz\\u00e9ns centrais globais e mais de 50 pontos de estoque avan\\u00e7ados, garante a disponibilidade de pe\\u00e7as de reposi\\u00e7\\u00e3o essenciais por at\\u00e9 20 anos. A CATL tamb\\u00e9m oferece treinamento padronizado por meio de sua instala\\u00e7\\u00e3o sul-americana em Santiago, no Chile, e opera canais regionais de reciclagem para transporte em conformidade, desmantelamento e recupera\\u00e7\\u00e3o de materiais ao final da vida \\u00fatil.\\r\\nTrazendo excel\\u00eancia global e solidez financeira reconhecida para o Brasil\\r\\nA lideran\\u00e7a da CATL no setor foi destacada recentemente por tr\\u00eas das avaliadoras mais influentes do setor energ\\u00e9tico mundial. A S\\u0026amp;P Global Energy nomeou a CATL como fornecedora Tier 1 em c\\u00e9lulas e sistemas de bateria para armazenamento de energia em 2026, classificando-a em primeiro lugar mundialmente em participa\\u00e7\\u00e3o de mercado em ambas as categorias. A Wood Mackenzie concedeu \\u00e0 CATL a nota \\&quot;A\\&quot; e a colocou entre as tr\\u00eas principais em seu ranking inaugural Global BESS Integrator Comprehensive Ranking. A BloombergNEF incluiu a CATL em sua lista Tier 1 de Armazenamento de Energia por 11 trimestres consecutivos desde a cria\\u00e7\\u00e3o do ranking no primeiro trimestre de 2024. Juntos, esses reconhecimentos validam as fortalezas abrangentes da CATL em confiabilidade de longo prazo, entrega est\\u00e1vel e bancabilidade em mercados globais.\\r\\nEsse reconhecimento do setor \\u00e9 respaldado por um forte desempenho financeiro e de remessas. A receita do sistema de baterias de armazenamento de energia da CATL atingiu RMB 53,26 bilh\\u00f5es (aproximadamente US$ 7,9 bilh\\u00f5es) no primeiro semestre de 2026, um aumento de 87,54% em rela\\u00e7\\u00e3o ao ano anterior. De acordo com a SNE Research, a empresa enviou 125,0 GWh de baterias ESS no per\\u00edodo, conquistando a maior participa\\u00e7\\u00e3o de mercado do mundo.\\r\\nSucessos recentes em projetos demonstram ainda mais a capacidade de entrega de ciclo de vida completo da CATL. Em maio de 2026, a CATL e a Solarpro colocaram em opera\\u00e7\\u00e3o um projeto de 602 MWh em Burgas, na Bulg\\u00e1ria, que agora \\u00e9 a maior instala\\u00e7\\u00e3o operacional de armazenamento de baterias no Leste Europeu. Na Austr\\u00e1lia, o projeto Supernode atingiu a Etapa 2 de opera\\u00e7\\u00e3o comercial em agosto de 2026, enquanto a Etapa 3 garantiu A$ 469 milh\\u00f5es em financiamento de d\\u00edvida; a CATL est\\u00e1 fornecendo sistemas para todas as etapas e oferecendo suporte de O\\u0026amp;M de longo prazo. Nos Estados Unidos, o projeto solar mais armazenamento Gemini de 380 MW \/ 1.416 MWh est\\u00e1 operacional desde julho de 2024 e concluiu US$ 760 milh\\u00f5es em refinanciamento em mar\\u00e7o de 2026, um sinal claro da confian\\u00e7a dos investidores em ativos equipados pela CATL.\\r\\n View original content to download multimedia:https:\/\/www.prnewswire.com\/br\/comunicados-para-a-imprensa\/catl-anuncia-parceria-local-e-apresenta-solucoes-de-armazenamento-de-cadeia-completa-no-the-smarter-e-south-america-2026-302863239.html\\r\\nFONTE CATL&quot;,&quot;created_timestamp&quot;:&quot;1787956320&quot;,&quot;copyright&quot;:&quot;&quot;,&quot;focal_length&quot;:&quot;0&quot;,&quot;iso&quot;:&quot;0&quot;,&quot;shutter_speed&quot;:&quot;0&quot;,&quot;title&quot;:&quot;CATL anuncia parceria local e apresenta solu\\u00e7\\u00f5es de armazenamento de cadeia completa no The Smarter E South America 2026&quot;,&quot;orientation&quot;:&quot;0&quot;,&quot;alt&quot;:&quot;&quot;}\" data-image-title=\"Imagen-\" data-image-description=\"\" data-image-caption=\"\" data-large-file=\"https:\/\/efecomunica.efe.com\/wp-content\/uploads\/2026\/08\/rss-efec6a550ef5a54550c207d2182f2b45d0a4d809ed8w-1024x684.jpg\" \/><\/div><\/a>\n\t\t\t\t<div class=\"elementor-post__badge\">PR Newswire<\/div>\n\t\t\t\t<div class=\"elementor-post__text\">\n\t\t\t\t<h2 class=\"elementor-post__title\">\n\t\t\t<a href=\"https:\/\/efecomunica.efe.com\/pt-pt\/catl-anuncia-parceria-local-e-apresenta-solucoes-de-armazenamento-de-cadeia-completa-no-the-smarter-e-south-america-2026\/\" >\n\t\t\t\tCATL anuncia parceria local e apresenta solu\u00e7\u00f5es de armazenamento de cadeia completa no The Smarter E South America 2026\t\t\t<\/a>\n\t\t<\/h2>\n\t\t\t\t<div class=\"elementor-post__excerpt\">\n\t\t\t<p>(Informa\u00e7\u00e3o concedida pela entidade que a assina) A CATL est\u00e1 apresentando seu ecossistema completo de armazenamento de energia no evento The Smarter E South America<\/p>\n\t\t<\/div>\n\t\t\n\t\t<a class=\"elementor-post__read-more\" href=\"https:\/\/efecomunica.efe.com\/pt-pt\/catl-anuncia-parceria-local-e-apresenta-solucoes-de-armazenamento-de-cadeia-completa-no-the-smarter-e-south-america-2026\/\" aria-label=\"Read more about CATL anuncia parceria local e apresenta solu\u00e7\u00f5es de armazenamento de cadeia completa no The Smarter E South America 2026\" tabindex=\"-1\" >\n\t\t\tLer mais \u00bb\t\t<\/a>\n\n\t\t\t\t<\/div>\n\t\t\t\t<div class=\"elementor-post__meta-data\">\n\t\t\t\t\t<span class=\"elementor-post-date\">\n\t\t\t29 de Agosto de 2026\t\t<\/span>\n\t\t\t\t<\/div>\n\t\t\t\t\t<\/div>\n\t\t<\/article>\n\t\t\t\t<article class=\"elementor-post elementor-grid-item post-242253 post type-post status-publish format-standard has-post-thumbnail hentry category-pr-newswire-pt-pt\" role=\"listitem\">\n\t\t\t<div class=\"elementor-post__card\">\n\t\t\t\t<a class=\"elementor-post__thumbnail__link\" href=\"https:\/\/efecomunica.efe.com\/pt-pt\/a-tcl-solar-maximiza-o-rendimento-solar-com-sua-tecnologia-bc-avancada-na-intersolar-south-america-2026\/\" tabindex=\"-1\" ><div class=\"elementor-post__thumbnail\"><img loading=\"lazy\" decoding=\"async\" width=\"1920\" height=\"1296\" src=\"https:\/\/efecomunica.efe.com\/wp-content\/uploads\/2026\/08\/rss-efe658c12ba947226a714dc538fb771839774884eefw.jpg\" class=\"attachment-full size-full wp-image-242257\" alt=\"\" srcset=\"https:\/\/efecomunica.efe.com\/wp-content\/uploads\/2026\/08\/rss-efe658c12ba947226a714dc538fb771839774884eefw.jpg 1920w, https:\/\/efecomunica.efe.com\/wp-content\/uploads\/2026\/08\/rss-efe658c12ba947226a714dc538fb771839774884eefw-300x203.jpg 300w, https:\/\/efecomunica.efe.com\/wp-content\/uploads\/2026\/08\/rss-efe658c12ba947226a714dc538fb771839774884eefw-1024x691.jpg 1024w, https:\/\/efecomunica.efe.com\/wp-content\/uploads\/2026\/08\/rss-efe658c12ba947226a714dc538fb771839774884eefw-768x518.jpg 768w, https:\/\/efecomunica.efe.com\/wp-content\/uploads\/2026\/08\/rss-efe658c12ba947226a714dc538fb771839774884eefw-1120x756.jpg 1120w, https:\/\/efecomunica.efe.com\/wp-content\/uploads\/2026\/08\/rss-efe658c12ba947226a714dc538fb771839774884eefw-1536x1037.jpg 1536w, https:\/\/efecomunica.efe.com\/wp-content\/uploads\/2026\/08\/rss-efe658c12ba947226a714dc538fb771839774884eefw-424x286.jpg 424w, https:\/\/efecomunica.efe.com\/wp-content\/uploads\/2026\/08\/rss-efe658c12ba947226a714dc538fb771839774884eefw-1200x810.jpg 1200w\" sizes=\"(max-width: 1920px) 100vw, 1920px\" data-attachment-id=\"242257\" data-permalink=\"https:\/\/efecomunica.efe.com\/pt-pt\/a-tcl-solar-maximiza-o-rendimento-solar-com-sua-tecnologia-bc-avancada-na-intersolar-south-america-2026\/imagen-5764\/\" data-orig-file=\"https:\/\/efecomunica.efe.com\/wp-content\/uploads\/2026\/08\/rss-efe658c12ba947226a714dc538fb771839774884eefw.jpg\" data-orig-size=\"1920,1296\" data-comments-opened=\"0\" data-image-meta=\"{&quot;aperture&quot;:&quot;0&quot;,&quot;credit&quot;:&quot;EFE&quot;,&quot;camera&quot;:&quot;&quot;,&quot;caption&quot;:&quot;A TCL SOLAR maximiza o rendimento solar com sua tecnologia BC avan\\u00e7ada na Intersolar South America 2026\\r\\nPR Newswire\\r\\nS\\u00c3O PAULO, 28 de agosto de 2026\\r\\nS\\u00c3O PAULO, 28 de agosto de 2026 \/PRNewswire\/ -- A TCL SOLAR, empresa do setor de energia solar que conta com o respaldo de mais de 40 anos de experi\\u00eancia industrial global da TCL, est\\u00e1 apresentando suas mais recentes inova\\u00e7\\u00f5es fotovoltaicas na Intersolar South America 2026, que acontece de 25 a 27 de agosto no Expo Center Norte, em S\\u00e3o Paulo.\\r\\nNo estande W4.70, a TCL SOLAR apresenta seus mais recentes m\\u00f3dulos C2 BC, juntamente com resultados de desempenho em condi\\u00e7\\u00f5es reais de opera\\u00e7\\u00e3o e um portf\\u00f3lio de solu\\u00e7\\u00f5es fotovoltaicas projetadas para atender \\u00e0s diversas necessidades clim\\u00e1ticas e energ\\u00e9ticas da Am\\u00e9rica Latina.\\r\\nA exposi\\u00e7\\u00e3o marca um passo importante na expans\\u00e3o cont\\u00ednua da TCL SOLAR na regi\\u00e3o, desde ambientes costeiros quentes e \\u00famidos at\\u00e9 desertos \\u00e1ridos, montanhas de alta altitude e telhados comerciais e industriais. A tecnologia da TCL SOLAR \\u00e9 projetada para oferecer desempenho confi\\u00e1vel em diversos climas e aplica\\u00e7\\u00f5es, tornando realidade a vis\\u00e3o de \\&quot;um m\\u00f3dulo de alto desempenho, mais possibilidades de aplica\\u00e7\\u00e3o\\&quot;.\\r\\nAprimorando o desempenho da energia solar com a tecnologia BC.\\r\\nUm dos principais destaques da presen\\u00e7a da TCL SOLAR na exposi\\u00e7\\u00e3o \\u00e9 a sua nova linha de produtos BC (Back Contact), projetada para proporcionar maior rendimento energ\\u00e9tico, mantendo elevado desempenho em condi\\u00e7\\u00f5es reais desafiadoras.\\r\\nEm compara\\u00e7\\u00e3o aos m\\u00f3dulos TOPCon convencionais da mesma \\u00e1rea, os m\\u00f3dulos BC da TCL SOLAR podem gerar de 30 a 40 watts adicionais de pot\\u00eancia. Essa maior densidade de pot\\u00eancia pode reduzir em mais de 6% a \\u00e1rea do telhado necess\\u00e1ria para se atingir a mesma capacidade instalada, o que proporciona uma vantagem significativa para aplica\\u00e7\\u00f5es em locais com espa\\u00e7o limitado.\\r\\nPara resid\\u00eancias rurais, casas de fazenda e edifica\\u00e7\\u00f5es agr\\u00edcolas, onde o espa\\u00e7o dispon\\u00edvel no telhado pode ser limitado, uma maior pot\\u00eancia no mesmo espa\\u00e7o f\\u00edsico pode possibilitar uma maior capacidade solar sem exigir uma \\u00e1rea adicional de telhado. Isso pode ajudar os usu\\u00e1rios a aumentar o autoconsumo e ampliar as oportunidades de exporta\\u00e7\\u00e3o de energia para a rede el\\u00e9trica.\\r\\nDesempenho est\\u00e1vel mesmo em altas temperaturas\\r\\nA alta incid\\u00eancia de luz solar \\u00e9 uma das principais vantagens da regi\\u00e3o para a gera\\u00e7\\u00e3o de energia solar, mas as temperaturas elevadas tamb\\u00e9m podem afetar o desempenho dos m\\u00f3dulos. Isso \\u00e9 particularmente relevante para telhados residenciais e agr\\u00edcolas, que podem acumular calor de maneira significativa durante os meses de ver\\u00e3o.\\r\\nOs m\\u00f3dulos BC da TCL Solar apresentam um coeficiente de temperatura de -0,26%\/\\u00b0C, enquanto os m\\u00f3dulos convencionais apresentam um coeficiente de aproximadamente -0,28%\/\\u00b0C.\\r\\nSeu coeficiente de temperatura aprimorado reduz as perdas de energia \\u00e0 medida que a temperatura do m\\u00f3dulo aumenta, garantindo uma sa\\u00edda mais est\\u00e1vel dos m\\u00f3dulos BC em condi\\u00e7\\u00f5es de alta temperatura. Para resid\\u00eancias e usu\\u00e1rios do setor agr\\u00edcola, isso pode se traduzir em uma gera\\u00e7\\u00e3o solar mais consistente durante per\\u00edodos de alta demanda de eletricidade.\\r\\nAo combinar maior densidade de pot\\u00eancia com melhor desempenho em diferentes temperaturas, a tecnologia BC da TCL SOLAR foi projetada para maximizar o valor de cada metro quadrado dispon\\u00edvel, ao mesmo tempo em que oferece suporte \\u00e0 produ\\u00e7\\u00e3o est\\u00e1vel de energia em climas exigentes.\\r\\nProjetado para o diversificado cen\\u00e1rio energ\\u00e9tico da Am\\u00e9rica Latina\\r\\nAl\\u00e9m de seu portf\\u00f3lio BC, a TCL SOLAR tamb\\u00e9m apresenta sua s\\u00e9rie de m\\u00f3dulos TOPCon, oferecendo aos clientes e parceiros uma gama mais ampla de solu\\u00e7\\u00f5es de alto desempenho para atender a diferentes aplica\\u00e7\\u00f5es e requisitos de mercado.\\r\\nOs m\\u00f3dulos fotovoltaicos da empresa s\\u00e3o projetados com caracter\\u00edsticas como resist\\u00eancia \\u00e0 degrada\\u00e7\\u00e3o induzida por potencial (PID) e \\u00e0 n\\u00e9voa salina, garantindo confiabilidade de longo prazo em diversas condi\\u00e7\\u00f5es ambientais. A TCL SOLAR oferece uma garantia de produto de 15 anos e uma garantia linear de pot\\u00eancia de 30 anos, refor\\u00e7ando seu compromisso com o desempenho dos produtos no longo prazo e com a gera\\u00e7\\u00e3o de valor para os clientes.\\r\\nEssas capacidades s\\u00e3o particularmente relevantes para a Am\\u00e9rica Latina, onde as instala\\u00e7\\u00f5es solares abrangem uma ampla variedade de ambientes \\u0097 de telhados urbanos e resid\\u00eancias rurais a instala\\u00e7\\u00f5es agr\\u00edcolas e projetos comerciais.\\r\\nAproveitando as capacidades globais da TCL para a transi\\u00e7\\u00e3o energ\\u00e9tica\\r\\nComo extens\\u00e3o estrat\\u00e9gica da TCL, l\\u00edder global em tecnologia inteligente, a TCL SOLAR utiliza a capacidade de P\\u0026amp;D, a cadeia de suprimentos global e a experi\\u00eancia de fabrica\\u00e7\\u00e3o de sua empresa controladora para acelerar a inova\\u00e7\\u00e3o no setor de energia renov\\u00e1vel.\\r\\n\\&quot;A Am\\u00e9rica Latina representa um mercado altamente din\\u00e2mico e promissor para a energia solar,\\&quot; disse Donny, diretor de vendas na Am\\u00e9rica Latina. \\&quot;Estamos comprometidos em fornecer solu\\u00e7\\u00f5es fotovoltaicas de alta efici\\u00eancia e confiabilidade para a Am\\u00e9rica Latina. Com nossos portf\\u00f3lios BC e TOPCon, esperamos estabelecer parcerias locais para acelerar a ado\\u00e7\\u00e3o da energia solar em diversas aplica\\u00e7\\u00f5es.\\&quot;\\r\\n View original content to download multimedia:https:\/\/www.prnewswire.com\/br\/comunicados-para-a-imprensa\/a-tcl-solar-maximiza-o-rendimento-solar-com-sua-tecnologia-bc-avancada-na-intersolar-south-america-2026-302862910.html\\r\\nFONTE TCL Solar&quot;,&quot;created_timestamp&quot;:&quot;1787915100&quot;,&quot;copyright&quot;:&quot;&quot;,&quot;focal_length&quot;:&quot;0&quot;,&quot;iso&quot;:&quot;0&quot;,&quot;shutter_speed&quot;:&quot;0&quot;,&quot;title&quot;:&quot;A TCL SOLAR maximiza o rendimento solar com sua tecnologia BC avan\\u00e7ada na Intersolar South America 2026&quot;,&quot;orientation&quot;:&quot;0&quot;,&quot;alt&quot;:&quot;&quot;}\" data-image-title=\"Imagen-\" data-image-description=\"\" data-image-caption=\"\" data-large-file=\"https:\/\/efecomunica.efe.com\/wp-content\/uploads\/2026\/08\/rss-efe658c12ba947226a714dc538fb771839774884eefw-1024x691.jpg\" \/><\/div><\/a>\n\t\t\t\t<div class=\"elementor-post__badge\">PR Newswire<\/div>\n\t\t\t\t<div class=\"elementor-post__text\">\n\t\t\t\t<h2 class=\"elementor-post__title\">\n\t\t\t<a href=\"https:\/\/efecomunica.efe.com\/pt-pt\/a-tcl-solar-maximiza-o-rendimento-solar-com-sua-tecnologia-bc-avancada-na-intersolar-south-america-2026\/\" >\n\t\t\t\tA TCL SOLAR maximiza o rendimento solar com sua tecnologia BC avan\u00e7ada na Intersolar South America 2026\t\t\t<\/a>\n\t\t<\/h2>\n\t\t\t\t<div class=\"elementor-post__excerpt\">\n\t\t\t<p>(Informa\u00e7\u00e3o concedida pela entidade que a assina) A TCL SOLAR, empresa do setor de energia solar que conta com o respaldo de mais de 40<\/p>\n\t\t<\/div>\n\t\t\n\t\t<a class=\"elementor-post__read-more\" href=\"https:\/\/efecomunica.efe.com\/pt-pt\/a-tcl-solar-maximiza-o-rendimento-solar-com-sua-tecnologia-bc-avancada-na-intersolar-south-america-2026\/\" aria-label=\"Read more about A TCL SOLAR maximiza o rendimento solar com sua tecnologia BC avan\u00e7ada na Intersolar South America 2026\" tabindex=\"-1\" >\n\t\t\tLer mais \u00bb\t\t<\/a>\n\n\t\t\t\t<\/div>\n\t\t\t\t<div class=\"elementor-post__meta-data\">\n\t\t\t\t\t<span class=\"elementor-post-date\">\n\t\t\t28 de Agosto de 2026\t\t<\/span>\n\t\t\t\t<\/div>\n\t\t\t\t\t<\/div>\n\t\t<\/article>\n\t\t\t\t<\/div>\n\t\t\n\t\t\t\t<div class=\"e-load-more-anchor\" data-page=\"1\" data-max-page=\"256\" data-next-page=\"https:\/\/efecomunica.efe.com\/pt-pt\/wp-json\/wp\/v2\/pages\/18404\/page\/2\/\"><\/div>\n\t\t\t\t<nav class=\"elementor-pagination\" aria-label=\"Pagination\">\n\t\t\t<span class=\"page-numbers prev\">&laquo; Anterior<\/span>\n<a class=\"page-numbers next\" href=\"https:\/\/efecomunica.efe.com\/pt-pt\/wp-json\/wp\/v2\/pages\/18404\/page\/2\/\">Seguinte &raquo;<\/a>\t\t<\/nav>\n\t\t\t\t\t\t<\/div>\n\t\t\t\t<\/div>\n\t\t\t\t<div class=\"elementor-element elementor-element-5b83f37 elementor-widget elementor-widget-infinite-scroll-elementor-widget\" data-id=\"5b83f37\" data-element_type=\"widget\" data-e-type=\"widget\" data-settings=\"{&quot;ISE_register&quot;:&quot;yes&quot;}\" data-widget_type=\"infinite-scroll-elementor-widget.default\">\n\t\t\t\t<div class=\"elementor-widget-container\">\n\t\t\t\t\t<style>\n\t.page-load-status {\n\t\tdisplay: none;\n\t\t\/* hidden by default *\/\n\t}\n\n\t.loader-ellips {\n\t\tfont-size: 12px;\n\t\t\/* change size here *\/\n\t\tposition: relative;\n\t\twidth: 4em;\n\t\theight: 1em;\n\t\tmargin: 10px auto;\n\t}\n\n\t.loader-ellips__dot {\n\t\tdisplay: block;\n\t\twidth: 1em;\n\t\theight: 1em;\n\t\tborder-radius: 0.5em;\n\t\tposition: absolute;\n\t\tanimation-duration: 0.5s;\n\t\tanimation-timing-function: ease;\n\t\tanimation-iteration-count: infinite;\n\t}\n\n\t.loader-ellips__dot:nth-child(1),\n\t.loader-ellips__dot:nth-child(2) {\n\t\tleft: 0;\n\t}\n\n\t.loader-ellips__dot:nth-child(3) {\n\t\tleft: 1.5em;\n\t}\n\n\t.loader-ellips__dot:nth-child(4) {\n\t\tleft: 3em;\n\t}\n\n\t@keyframes reveal {\n\t\tfrom {\n\t\t\ttransform: scale(0.001);\n\t\t}\n\n\t\tto {\n\t\t\ttransform: scale(1);\n\t\t}\n\t}\n\n\t@keyframes slide {\n\t\tto {\n\t\t\ttransform: translateX(1.5em)\n\t\t}\n\t}\n\n\t.loader-ellips__dot:nth-child(1) {\n\t\tanimation-name: reveal;\n\t}\n\n\t.loader-ellips__dot:nth-child(2),\n\t.loader-ellips__dot:nth-child(3) {\n\t\tanimation-name: slide;\n\t}\n\n\t.loader-ellips__dot:nth-child(4) {\n\t\tanimation-name: reveal;\n\t\tanimation-direction: reverse;\n\t}\n<\/style>\n\n<div class=\"page-load-status ise-5b83f37\">\n\t<div class=\"loader-ellips infinite-scroll-request\">\n\t\t<span class=\"loader-ellips__dot\"><\/span>\n\t\t<span class=\"loader-ellips__dot\"><\/span>\n\t\t<span class=\"loader-ellips__dot\"><\/span>\n\t\t<span class=\"loader-ellips__dot\"><\/span>\n\t<\/div>\n\t<p class=\"infinite-scroll-last\">You have made it till the end!<\/p>\n\t<p class=\"infinite-scroll-error\">No post here!<\/p>\n<\/div>\n\n\n<script type=\"text\/javascript\">\n\tfunction deferISE(method) {\n\t\tif (window.jQuery) {\n\t\t\tmethod();\n\t\t} else {\n\t\t\tsetTimeout(function() {\n\t\t\t\tdeferISE(method)\n\t\t\t}, 50);\n\t\t}\n\t}\n\n\tdeferISE(function() {\n\t\tjQuery(document).ready(function($) {\n\n\t\t\tfunction addFitHeightClass(target) {\n\t\t\t\t\t\t\t}\n\t\t\taddFitHeightClass();\n\n\t\t\tconst observer = new MutationObserver(mutations => {\n\t\t\t\tmutations.forEach(mutation => {\n\t\t\t\t\tmutation.addedNodes.forEach(node => {\n\t\t\t\t\t\t\t\t\t\t\t});\n\t\t\t\t});\n\t\t\t});\n\t\t\tobserver.observe(document.body, {\n\t\t\t\tchildList: true,\n\t\t\t\tsubtree: true\n\t\t\t});\n\n\t\t\t$('div.elementor-posts-container')\n\t\t\t\t.infiniteScroll({\n\t\t\t\t\tpath: 'a.page-numbers.next',\n\t\t\t\t\tappend: 'article.elementor-post',\n\t\t\t\t\thideNav: 'nav.elementor-pagination',\n\t\t\t\t\tstatus: '.page-load-status.ise-5b83f37',\n          scrollThreshold: 400,\n    elementScroll: false,\n    history: false,\n    historyTitle: false,\n\t\t\t\t});\n\t\t});\n\t});\n<\/script>\n\n\t\t\t\t<\/div>\n\t\t\t\t<\/div>\n\t\t\t\t\t<\/div>\n\t\t<\/div>\n\t\t\t\t\t<\/div>\n\t\t<\/section>\n\t\t\t\t<\/div>\n\t\t","protected":false},"excerpt":{"rendered":"<p>Conte\u00fado You have made it till the end! No post here!<\/p>\n","protected":false},"author":198164071,"featured_media":0,"parent":0,"menu_order":0,"comment_status":"closed","ping_status":"closed","template":"","meta":{"_acf_changed":false,"_wpcom_ai_launchpad_about_page":false,"_wpcom_ai_launchpad_gallery_page":false,"_wpcom_ai_launchpad_contact_page":false,"_wpcom_ai_launchpad_events_page":false,"_wpcom_ai_launchpad_video_page":false,"_wpcom_ai_launchpad_portfolio_piece":false,"footnotes":""},"class_list":["post-18404","page","type-page","status-publish","hentry"],"acf":[],"yoast_head":"<!-- This site is optimized with the Yoast SEO plugin v28.4 - https:\/\/yoast.com\/product\/yoast-seo-wordpress\/ -->\n<title>Contenidos informativos - EFEComunica, Agencia EFE<\/title>\n<meta name=\"description\" content=\"Ofrecemos servicios de contenidos en diferentes soportes a partir de ruedas de prensa, eventos p\u00fablicos, webinars, entrevistas o comunicados. \u200b\" \/>\n<meta name=\"robots\" content=\"index, follow, max-snippet:-1, max-image-preview:large, max-video-preview:-1\" \/>\n<link rel=\"canonical\" href=\"https:\/\/efecomunica.efe.com\/en\/contents\/\" \/>\n<!-- \/ Yoast SEO plugin. -->","yoast_head_json":{"title":"Contenidos informativos - EFEComunica, Agencia EFE","description":"Ofrecemos servicios de contenidos en diferentes soportes a partir de ruedas de prensa, eventos p\u00fablicos, webinars, entrevistas o comunicados. \u200b","robots":{"index":"index","follow":"follow","max-snippet":"max-snippet:-1","max-image-preview":"max-image-preview:large","max-video-preview":"max-video-preview:-1"},"canonical":"https:\/\/efecomunica.efe.com\/en\/contents\/","schema":{"@context":"https:\/\/schema.org","@graph":[{"@type":"WebPage","@id":"https:\/\/efecomunica.efe.com\/en\/contents\/","url":"https:\/\/efecomunica.efe.com\/en\/contents\/","name":"Contenidos informativos - EFEComunica, Agencia EFE","isPartOf":{"@id":"https:\/\/efecomunica.efe.com\/#website"},"datePublished":"2020-12-11T12:44:27+00:00","dateModified":"2022-10-21T12:09:36+00:00","description":"Ofrecemos servicios de contenidos en diferentes soportes a partir de ruedas de prensa, eventos p\u00fablicos, webinars, entrevistas o comunicados. \u200b","breadcrumb":{"@id":"https:\/\/efecomunica.efe.com\/en\/contents\/#breadcrumb"},"inLanguage":"pt-PT","potentialAction":[{"@type":"ReadAction","target":["https:\/\/efecomunica.efe.com\/en\/contents\/"]}]},{"@type":"BreadcrumbList","@id":"https:\/\/efecomunica.efe.com\/en\/contents\/#breadcrumb","itemListElement":[{"@type":"ListItem","position":1,"name":"Portada","item":"https:\/\/efecomunica.efe.com\/pt-pt\/"},{"@type":"ListItem","position":2,"name":"Conte\u00fado"}]},{"@type":"WebSite","@id":"https:\/\/efecomunica.efe.com\/#website","url":"https:\/\/efecomunica.efe.com\/","name":"EFE Comunica","description":"Contenidos para empresas","publisher":{"@id":"https:\/\/efecomunica.efe.com\/#organization"},"potentialAction":[{"@type":"SearchAction","target":{"@type":"EntryPoint","urlTemplate":"https:\/\/efecomunica.efe.com\/?s={search_term_string}"},"query-input":{"@type":"PropertyValueSpecification","valueRequired":true,"valueName":"search_term_string"}}],"inLanguage":"pt-PT"},{"@type":"Organization","@id":"https:\/\/efecomunica.efe.com\/#organization","name":"EFE Comunica","url":"https:\/\/efecomunica.efe.com\/","logo":{"@type":"ImageObject","inLanguage":"pt-PT","@id":"https:\/\/efecomunica.efe.com\/#\/schema\/logo\/image\/","url":"https:\/\/efecomunica.efe.com\/wp-content\/uploads\/2020\/12\/Logo-EFE-Comunica_png.png","contentUrl":"https:\/\/efecomunica.efe.com\/wp-content\/uploads\/2020\/12\/Logo-EFE-Comunica_png.png","width":1080,"height":486,"caption":"EFE Comunica"},"image":{"@id":"https:\/\/efecomunica.efe.com\/#\/schema\/logo\/image\/"},"sameAs":["https:\/\/www.facebook.com\/EFEComunicaAgenciaEFE","https:\/\/x.com\/EFEcomunica","https:\/\/www.linkedin.com\/showcase\/efecomunica"]}]}},"jetpack_likes_enabled":true,"jetpack_shortlink":"https:\/\/wp.me\/PcEg1r-4MQ","jetpack_sharing_enabled":true,"_links":{"self":[{"href":"https:\/\/efecomunica.efe.com\/pt-pt\/wp-json\/wp\/v2\/pages\/18404","targetHints":{"allow":["GET"]}}],"collection":[{"href":"https:\/\/efecomunica.efe.com\/pt-pt\/wp-json\/wp\/v2\/pages"}],"about":[{"href":"https:\/\/efecomunica.efe.com\/pt-pt\/wp-json\/wp\/v2\/types\/page"}],"author":[{"embeddable":true,"href":"https:\/\/efecomunica.efe.com\/pt-pt\/wp-json\/wp\/v2\/users\/198164071"}],"replies":[{"embeddable":true,"href":"https:\/\/efecomunica.efe.com\/pt-pt\/wp-json\/wp\/v2\/comments?post=18404"}],"version-history":[{"count":10,"href":"https:\/\/efecomunica.efe.com\/pt-pt\/wp-json\/wp\/v2\/pages\/18404\/revisions"}],"predecessor-version":[{"id":48078,"href":"https:\/\/efecomunica.efe.com\/pt-pt\/wp-json\/wp\/v2\/pages\/18404\/revisions\/48078"}],"wp:attachment":[{"href":"https:\/\/efecomunica.efe.com\/pt-pt\/wp-json\/wp\/v2\/media?parent=18404"}],"curies":[{"name":"wp","href":"https:\/\/api.w.org\/{rel}","templated":true}]}}